{"id":97,"date":"2017-11-30T15:51:35","date_gmt":"2017-11-30T15:51:35","guid":{"rendered":"http:\/\/cityofmercy.lt\/?page_id=97"},"modified":"2021-05-11T16:44:51","modified_gmt":"2021-05-11T13:44:51","slug":"bendruomeninis-integracijos-centras-kulturu-namai","status":"publish","type":"page","link":"https:\/\/cityofmercy.lt\/pl_PL\/susitikimai\/bendruomeninis-integracijos-centras-kulturu-namai\/","title":{"rendered":"Centrum Integracji Spo\u0142ecznej \u201eDom Kultury\u201d "},"content":{"rendered":"[vc_row type=&#8221;in_container&#8221; full_screen_row_position=&#8221;middle&#8221; scene_position=&#8221;center&#8221; text_color=&#8221;dark&#8221; text_align=&#8221;left&#8221; overlay_strength=&#8221;0.3&#8243; shape_divider_position=&#8221;bottom&#8221;][vc_column centered_text=&#8221;true&#8221; column_padding=&#8221;no-extra-padding&#8221; column_padding_position=&#8221;all&#8221; background_color_opacity=&#8221;1&#8243; background_hover_color_opacity=&#8221;1&#8243; column_shadow=&#8221;none&#8221; column_border_radius=&#8221;none&#8221; width=&#8221;1\/1&#8243; tablet_text_alignment=&#8221;default&#8221; phone_text_alignment=&#8221;default&#8221; column_border_width=&#8221;none&#8221; column_border_style=&#8221;solid&#8221;][vc_column_text]\n<h4><strong>Centrum Integracji Spo\u0142ecznej \u201eDom Kultury\u201d<\/strong><\/h4>\n[\/vc_column_text]<div class=\"divider-wrap\"><div style=\"margin-top: 25px; height: 1px; margin-bottom: 25px;\" data-width=\"100%\" data-animate=\"\" data-animation-delay=\"\" data-color=\"default\" class=\"divider-border\"><\/div><\/div>[\/vc_column][\/vc_row][vc_row type=&#8221;in_container&#8221; full_screen_row_position=&#8221;middle&#8221; scene_position=&#8221;center&#8221; text_color=&#8221;dark&#8221; text_align=&#8221;left&#8221; overlay_strength=&#8221;0.3&#8243; shape_divider_position=&#8221;bottom&#8221;][vc_column column_padding=&#8221;no-extra-padding&#8221; column_padding_position=&#8221;all&#8221; background_color_opacity=&#8221;1&#8243; background_hover_color_opacity=&#8221;1&#8243; column_shadow=&#8221;none&#8221; column_border_radius=&#8221;none&#8221; width=&#8221;1\/2&#8243; tablet_text_alignment=&#8221;default&#8221; phone_text_alignment=&#8221;default&#8221; column_border_width=&#8221;none&#8221; column_border_style=&#8221;solid&#8221;][vc_gallery type=&#8221;nectarslider_style&#8221; images=&#8221;1038,1039,1040,252&#8243; flexible_slider_height=&#8221;true&#8221; bullet_navigation_style=&#8221;see_through&#8221; onclick=&#8221;link_no&#8221;][vc_column_text]\n<p style=\"text-align: justify;\">Centrum dzienne \u201eDom Kultury\u201c przeznaczone jest dla obcokrajowc\u00f3w (uchod\u017ac\u00f3w, ubiegaj\u0105cych\u00a0si\u0119 o azyl i obywateli wszystkich pa\u0144stw trzecich, r\u00f3wnie\u017c dla student\u00f3w zagranicznych,\u00a0wolontariuszy i in.) w celu integracji z mieszka\u0144cami Wilna.<\/p>\n<p style=\"text-align: justify;\">Obcokrajowcom, posiadaj\u0105cym zezwolenie na pobyt na Litwie, udzielana jest bezp\u0142atna pomoc\u00a0prawna, psychologiczna, konsultacje w dziedzinie zatrudnienia, lekcje j\u0119zyka angielskiego,\u00a0odbywaj\u0105 si\u0119 imprezy i zaj\u0119cia edukacyjne, sprawowana jest opieka nad dzie\u0107mi podczas\u00a0konsultacji.<\/p>\n<p><strong>Mo\u017cliwo\u015bci wolontariatu:<\/strong><\/p>\n<ul>\n<li>pomoc w wydarzeniach organizowanych dla uchod\u017ac\u00f3w w centrum dziennym lub w\u00a0mie\u015bcie (np. zorganizowanie i uczestnictwo w meczu pi\u0142karskim, spacer po parku, gry\u00a0sto\u0142owe, popo\u0142udnie kulinarne lub r\u0119kodzie\u0142a w naszym centrum dziennym, wycieczka na\u00a0wystaw\u0119, koncert itp.)<\/li>\n<li>prowadzenie zaj\u0119\u0107 z j\u0119zyka angielskiego dla uchod\u017ac\u00f3w<\/li>\n<li>je\u015bli posiadasz umiej\u0119tno\u015bci i jeste\u015b pe\u0142noletni (lub pod opiek\u0105 doros\u0142ych), mo\u017cesz\u00a0po\u015bwi\u0119ci\u0107 1-2 godz. na zapewnienie dzieciom czasu wolnego w naszym centrum\u00a0dziennym (pe\u0142noletni lub pod opiek\u0105 doros\u0142ych)<\/li>\n<\/ul>\n[\/vc_column_text][\/vc_column][vc_column column_padding=&#8221;no-extra-padding&#8221; column_padding_position=&#8221;all&#8221; background_color_opacity=&#8221;1&#8243; background_hover_color_opacity=&#8221;1&#8243; column_shadow=&#8221;none&#8221; column_border_radius=&#8221;none&#8221; width=&#8221;1\/2&#8243; tablet_text_alignment=&#8221;default&#8221; phone_text_alignment=&#8221;default&#8221; column_border_width=&#8221;none&#8221; column_border_style=&#8221;solid&#8221;]<div class=\"iwithtext\"><div class=\"iwt-icon\"> <i class=\"icon-default-style icon-map-marker accent-color\"><\/i> <\/div><div class=\"iwt-text\"> <a href=\"https:\/\/www.google.lt\/maps\/place\/Kalvarij\u0173+g.+39,+Vilnius+09313\/@54.6968111,25.2798373,17z\/data=!3m1!4b1!4m5!3m4!1s0x46dd9403a62162ff:0xe481ddc4ab6c0b99!8m2!3d54.696808!4d25.282026\" target=\"_blank\" rel=\"noopener\">ul. Kalvarij\u0173 39 \/ ul. Krokuvos, Wilno<\/a> <\/div><div class=\"clear\"><\/div><\/div><div class=\"iwithtext\"><div class=\"iwt-icon\"> <i class=\"icon-default-style icon-time accent-color\"><\/i> <\/div><div class=\"iwt-text\"> W dni powszednie 11:00 \u2013 19:00; czasami w soboty. <\/div><div class=\"clear\"><\/div><\/div><div class=\"iwithtext\"><div class=\"iwt-icon\"> <i class=\"icon-default-style icon-envelope accent-color\"><\/i> <\/div><div class=\"iwt-text\"> kulturunamai@vilnius.caritas.lt <\/div><div class=\"clear\"><\/div><\/div><div class=\"iwithtext\"><div class=\"iwt-icon\"> <i class=\"icon-default-style icon-facebook accent-color\"><\/i> <\/div><div class=\"iwt-text\"> <a href=\"https:\/\/www.facebook.com\/uzsienieciu.integracijos.programa\/\" target=\"_blank\" rel=\"noopener\">U\u017esienie\u010di\u0173 integracijos programa<\/a> <\/div><div class=\"clear\"><\/div><\/div><div class=\"iwithtext\"><div class=\"iwt-icon\"> <i class=\"icon-default-style icon-phone accent-color\"><\/i> <\/div><div class=\"iwt-text\"> +370 673 24 225 <\/div><div class=\"clear\"><\/div><\/div>[\/vc_column][\/vc_row]\n","protected":false},"excerpt":{"rendered":"<p>[vc_row type=&#8221;in_container&#8221; full_screen_row_position=&#8221;middle&#8221; scene_position=&#8221;center&#8221; text_color=&#8221;dark&#8221; text_align=&#8221;left&#8221; overlay_strength=&#8221;0.3&#8243; shape_divider_position=&#8221;bottom&#8221;][vc_column centered_text=&#8221;true&#8221; column_padding=&#8221;no-extra-padding&#8221; column_&#8230;<\/p>\n","protected":false},"author":2,"featured_media":0,"parent":47,"menu_order":0,"comment_status":"closed","ping_status":"closed","template":"","meta":{"footnotes":""},"class_list":["post-97","page","type-page","status-publish","hentry"],"_links":{"self":[{"href":"https:\/\/cityofmercy.lt\/pl_PL\/wp-json\/wp\/v2\/pages\/97","targetHints":{"allow":["GET"]}}],"collection":[{"href":"https:\/\/cityofmercy.lt\/pl_PL\/wp-json\/wp\/v2\/pages"}],"about":[{"href":"https:\/\/cityofmercy.lt\/pl_PL\/wp-json\/wp\/v2\/types\/page"}],"author":[{"embeddable":true,"href":"https:\/\/cityofmercy.lt\/pl_PL\/wp-json\/wp\/v2\/users\/2"}],"replies":[{"embeddable":true,"href":"https:\/\/cityofmercy.lt\/pl_PL\/wp-json\/wp\/v2\/comments?post=97"}],"version-history":[{"count":40,"href":"https:\/\/cityofmercy.lt\/pl_PL\/wp-json\/wp\/v2\/pages\/97\/revisions"}],"predecessor-version":[{"id":6490,"href":"https:\/\/cityofmercy.lt\/pl_PL\/wp-json\/wp\/v2\/pages\/97\/revisions\/6490"}],"up":[{"embeddable":true,"href":"https:\/\/cityofmercy.lt\/pl_PL\/wp-json\/wp\/v2\/pages\/47"}],"wp:attachment":[{"href":"https:\/\/cityofmercy.lt\/pl_PL\/wp-json\/wp\/v2\/media?parent=97"}],"curies":[{"name":"wp","href":"https:\/\/api.w.org\/{rel}","templated":true}]}}