{"id":75,"date":"2017-11-30T12:02:49","date_gmt":"2017-11-30T12:02:49","guid":{"rendered":"http:\/\/cityofmercy.lt\/?page_id=75"},"modified":"2021-06-07T20:24:57","modified_gmt":"2021-06-07T17:24:57","slug":"dominikonai-vilniuje","status":"publish","type":"page","link":"https:\/\/cityofmercy.lt\/pl_PL\/marsrutai\/dominikonai-vilniuje\/","title":{"rendered":"Szlak Dominikan\u00f3w w Wilnie"},"content":{"rendered":"[vc_row type=&#8221;in_container&#8221; full_screen_row_position=&#8221;middle&#8221; scene_position=&#8221;center&#8221; text_color=&#8221;dark&#8221; text_align=&#8221;left&#8221; overlay_strength=&#8221;0.3&#8243; shape_divider_position=&#8221;bottom&#8221;][vc_column centered_text=&#8221;true&#8221; column_padding=&#8221;no-extra-padding&#8221; column_padding_position=&#8221;all&#8221; background_color_opacity=&#8221;1&#8243; background_hover_color_opacity=&#8221;1&#8243; column_shadow=&#8221;none&#8221; column_border_radius=&#8221;none&#8221; width=&#8221;1\/1&#8243; tablet_text_alignment=&#8221;default&#8221; phone_text_alignment=&#8221;default&#8221; column_border_width=&#8221;none&#8221; column_border_style=&#8221;solid&#8221;][vc_column_text]\n<h4><strong>Szlak Dominikan\u00f3w w Wilnie. <\/strong>Historia Zakonu Dominikan\u00f3w.<\/h4>\n[\/vc_column_text]<div class=\"divider-wrap\"><div style=\"margin-top: 25px; height: 1px; margin-bottom: 25px;\" data-width=\"100%\" data-animate=\"\" data-animation-delay=\"\" data-color=\"default\" class=\"divider-border\"><\/div><\/div>[\/vc_column][\/vc_row][vc_row type=&#8221;in_container&#8221; full_screen_row_position=&#8221;middle&#8221; scene_position=&#8221;center&#8221; text_color=&#8221;dark&#8221; text_align=&#8221;left&#8221; overlay_strength=&#8221;0.3&#8243; shape_divider_position=&#8221;bottom&#8221;][vc_column column_padding=&#8221;no-extra-padding&#8221; column_padding_position=&#8221;all&#8221; background_color_opacity=&#8221;1&#8243; background_hover_color_opacity=&#8221;1&#8243; column_shadow=&#8221;none&#8221; column_border_radius=&#8221;none&#8221; width=&#8221;2\/3&#8243; tablet_text_alignment=&#8221;default&#8221; phone_text_alignment=&#8221;default&#8221; column_border_width=&#8221;none&#8221; column_border_style=&#8221;solid&#8221;][vc_row_inner column_margin=&#8221;default&#8221; text_align=&#8221;left&#8221;][vc_column_inner column_padding=&#8221;no-extra-padding&#8221; column_padding_position=&#8221;all&#8221; background_color_opacity=&#8221;1&#8243; background_hover_color_opacity=&#8221;1&#8243; column_shadow=&#8221;none&#8221; column_border_radius=&#8221;none&#8221; width=&#8221;1\/3&#8243; column_border_width=&#8221;none&#8221; column_border_style=&#8221;solid&#8221;]<div class=\"iwithtext\"><div class=\"iwt-icon\"> <i class=\"icon-default-style icon-map-marker accent-color\"><\/i> <\/div><div class=\"iwt-text\"> \n<h3>4 Obiekty<\/h3>\n <\/div><div class=\"clear\"><\/div><\/div>[\/vc_column_inner][vc_column_inner column_padding=&#8221;no-extra-padding&#8221; column_padding_position=&#8221;all&#8221; background_color_opacity=&#8221;1&#8243; background_hover_color_opacity=&#8221;1&#8243; column_shadow=&#8221;none&#8221; column_border_radius=&#8221;none&#8221; width=&#8221;1\/3&#8243; column_border_width=&#8221;none&#8221; column_border_style=&#8221;solid&#8221;]<div class=\"iwithtext\"><div class=\"iwt-icon\"> <i class=\"icon-default-style icon-road accent-color\"><\/i> <\/div><div class=\"iwt-text\"> \n<h3>17 Kilometr\u00f3w<\/h3>\n <\/div><div class=\"clear\"><\/div><\/div>[\/vc_column_inner][vc_column_inner column_padding=&#8221;no-extra-padding&#8221; column_padding_position=&#8221;all&#8221; background_color_opacity=&#8221;1&#8243; background_hover_color_opacity=&#8221;1&#8243; column_shadow=&#8221;none&#8221; column_border_radius=&#8221;none&#8221; width=&#8221;1\/3&#8243; column_border_width=&#8221;none&#8221; column_border_style=&#8221;solid&#8221;]<div class=\"iwithtext\"><div class=\"iwt-icon\"> <i class=\"icon-default-style icon-time accent-color\"><\/i> <\/div><div class=\"iwt-text\"> \n<h3>3 Godziny<\/h3>\n <\/div><div class=\"clear\"><\/div><\/div>[\/vc_column_inner][\/vc_row_inner][vc_row_inner column_margin=&#8221;default&#8221; text_align=&#8221;left&#8221;][vc_column_inner column_padding=&#8221;no-extra-padding&#8221; column_padding_position=&#8221;all&#8221; centered_text=&#8221;true&#8221; background_color_opacity=&#8221;1&#8243; background_hover_color_opacity=&#8221;1&#8243; column_shadow=&#8221;none&#8221; column_border_radius=&#8221;none&#8221; width=&#8221;1\/1&#8243; column_border_width=&#8221;none&#8221; column_border_style=&#8221;solid&#8221;][vc_raw_html]JTNDaWZyYW1lJTIwc3JjJTNEJTIyaHR0cHMlM0ElMkYlMkZ3d3cuZ29vZ2xlLmNvbSUyRm1hcHMlMkZkJTJGdSUyRjElMkZlbWJlZCUzRm1pZCUzRDFUZUJpSDgyTThJSjZva1BEV2tLQ1o2SjYyTFpzdDJuTSUyMiUyMHdpZHRoJTNEJTIyMTAwJTI1JTIyJTIwaGVpZ2h0JTNEJTIyNTAwJTIyJTNFJTNDJTJGaWZyYW1lJTNF[\/vc_raw_html][nectar_btn size=&#8221;small&#8221; open_new_tab=&#8221;true&#8221; button_style=&#8221;regular&#8221; button_color_2=&#8221;Accent-Color&#8221; icon_family=&#8221;fontawesome&#8221; text=&#8221;OTW\u00d3RZ MAPK\u0118&#8221; icon_fontawesome=&#8221;fa fa-location-arrow&#8221; url=&#8221;https:\/\/drive.google.com\/open?id=1TeBiH82M8IJ6okPDWkKCZ6J62LZst2nM&amp;usp=sharing&#8221; margin_top=&#8221;5&#8243; margin_right=&#8221;5&#8243; margin_bottom=&#8221;5&#8243; margin_left=&#8221;5&#8243;][nectar_btn size=&#8221;small&#8221; open_new_tab=&#8221;true&#8221; button_style=&#8221;regular&#8221; button_color_2=&#8221;Accent-Color&#8221; icon_family=&#8221;fontawesome&#8221; text=&#8221;DRUKUJ MAPK\u0118&#8221; icon_fontawesome=&#8221;fa fa-map&#8221; url=&#8221;https:\/\/drive.google.com\/file\/d\/1mEEpAu_IMhErx4z_ZwaAp7oYlLLUMzCo\/view?usp=sharing&#8221; margin_top=&#8221;5&#8243; margin_right=&#8221;5&#8243; margin_bottom=&#8221;5&#8243; margin_left=&#8221;5&#8243;][\/vc_column_inner][\/vc_row_inner][\/vc_column][vc_column column_padding=&#8221;no-extra-padding&#8221; column_padding_position=&#8221;all&#8221; background_color_opacity=&#8221;1&#8243; background_hover_color_opacity=&#8221;1&#8243; column_shadow=&#8221;none&#8221; column_border_radius=&#8221;none&#8221; width=&#8221;1\/3&#8243; tablet_text_alignment=&#8221;default&#8221; phone_text_alignment=&#8221;default&#8221; column_border_width=&#8221;none&#8221; column_border_style=&#8221;solid&#8221;][vc_column_text]\n<p style=\"text-align: justify;\">Wiadomo, \u017ce pierwsi Dominikanie przybyli na Litw\u0119 w XIII w.: Mendoga ochrzci\u0142 Dominikanin Henryk, a pierwszy biskup Litwy te\u017c by\u0142 Dominikaninem, ale najprawdopodobniej p\u00f3\u017aniej przez kilkaset lat nie by\u0142o ich w mie\u015bcie. Wzmianka o Ko\u015bciele \u015awi\u0119tego Ducha, jako pierwszego miejsca Zakonu Dominikan\u00f3w, si\u0119ga dopiero 1501 r. W 1647 r. po za\u0142o\u017ceniu oddzielnej litewskiej prowincji Dominikan\u00f3w, miejsce to sta\u0142o si\u0119 centrum zakonu. Kroniki dominika\u0144skie podaj\u0105, \u017ce do po\u0142owy\u00a0\u00a0\u00a0 \u00a0XVII w. mieszka\u0142o tu oko\u0142o 60 zakonnik\u00f3w. Kiedy ich liczba wzros\u0142a, osiedlili si\u0119 na \u0141ukiszkach i Werkach (w obecnej Kalwarii Wile\u0144skiej). \u00a0W XIX w. carat zakaza\u0142 dzia\u0142alno\u015b\u0107 Dominikan\u00f3w, a w mi\u0119dzywojniu w\u0142adza sowiecka zlikwidowa\u0142a odbudowan\u0105 prowincj\u0119. Po odzyskaniu przez Litw\u0119 niepodleg\u0142o\u015bci, Dominikanie przenie\u015bli si\u0119 w 1993 r. do zwr\u00f3conych im lokali w pobli\u017cu Ko\u015bcio\u0142a\u00a0\u00a0\u00a0\u00a0\u00a0 \u00a0\u015bw. Aposto\u0142\u00f3w Filipa i Jakuba w Wilnie, gdzie do dzisiaj utrzymuj\u0105 oni kontakty nie tylko z wiernymi \u2013 wsp\u00f3\u0142pracuj\u0105 te\u017c z Akademi\u0105 Muzyczn\u0105. W Ko\u015bciele tym cz\u0119sto organizuj\u0105 koncerty muzyki klasycznej i sakralnej.<\/p>\n<p style=\"text-align: justify;\">W ci\u0105gu d\u0142ugiego czasu swojego istnienia Dominikanie pozostawili wyra\u017anie \u015blady w historii Ko\u015bcio\u0142a i pa\u0144stwa litewskiego. Opr\u00f3cz za\u0142o\u017cyciela zakonu od dawna czczony by\u0142 \u015bw. Hiacynt (Jacek), kt\u00f3ry przybywa\u0142 z misjami na ziemie litewskie. Kult tego \u015bwi\u0119tego \u2013 patrona Polski i Litwy \u2013 ma g\u0142\u0119bokie tradycje. \u015awiadczy o tym kaplica postawiona na jego cze\u015b\u0107 w pobli\u017cu granicy miasta Wilna (obecnej ulicy S. Konarskiego) w 1501 r., kt\u00f3ra znajduje si\u0119 tam do dzi\u015b. Dobrze jest r\u00f3wnie\u017c wspomnie\u0107 o innej dominika\u0144skiej pobo\u017cno\u015bci, kt\u00f3r\u0105 Dominikanie sprowadzili na Litw\u0119, to \u2013 rozwa\u017cania Drogi Krzy\u017cowej, zwane Kalwariami. W Wilnie, na terenie dzielnicy Werki, zakonnicy budowali stacje Drogi Krzy\u017cowej wraz z p\u00f3\u017anobarokowym Ko\u015bcio\u0142em i klasztorem. Zakonnicy dominika\u0144scy rozpowszechnili r\u00f3wnie\u017c modlitw\u0119 r\u00f3\u017ca\u0144cow\u0105. Z tradycji Ko\u015bcio\u0142a wiadomo, \u017ce w 1214 r. sama Naj\u015bwi\u0119tsza Maryja Panna poda\u0142a \u015bw. Dominkowi r\u00f3\u017caniec. W 1569 r. Dominikanin papie\u017c Pius V zatwierdzi\u0142 modlitw\u0119 r\u00f3\u017ca\u0144cow\u0105 i rozpowszechni\u0142 j\u0105 w ca\u0142ym Ko\u015bciele katolickim. Ca\u0142y r\u00f3\u017caniec sk\u0142ada si\u0119 z trzech cz\u0119\u015bci Radosnej, Bolesnej i Chwalebnej, a w 2002 r. \u015bw. Jan Pawe\u0142 II doda\u0142 czwart\u0105 cz\u0119\u015b\u0107 \u2013 tajemnic\u0119 \u015awiat\u0142a.<\/p>\n<p style=\"text-align: justify;\">Doskonale wykszta\u0142ceni Dominikanie lub kaznodzieje byli inicjatorami pi\u015bmiennictwa na Litwie: organizowali i publikowali dzie\u0142a filozoficzne, teologiczne, dotycz\u0105ce historii zakonu, s\u0142owniki, zbiory kaza\u0144 i \u017cywot\u00f3w \u015bwi\u0119tych, ksi\u0105\u017ceczki dydaktyczne.<\/p>\n[\/vc_column_text]<div class=\"divider-wrap\"><div style=\"height: 25px;\" class=\"divider\"><\/div><\/div>[\/vc_column][\/vc_row][vc_row type=&#8221;in_container&#8221; full_screen_row_position=&#8221;middle&#8221; scene_position=&#8221;center&#8221; text_color=&#8221;dark&#8221; text_align=&#8221;left&#8221; overlay_strength=&#8221;0.3&#8243; shape_divider_position=&#8221;bottom&#8221;][vc_column centered_text=&#8221;true&#8221; column_padding=&#8221;no-extra-padding&#8221; column_padding_position=&#8221;all&#8221; background_color_opacity=&#8221;1&#8243; background_hover_color_opacity=&#8221;1&#8243; column_shadow=&#8221;none&#8221; column_border_radius=&#8221;none&#8221; width=&#8221;1\/1&#8243; tablet_text_alignment=&#8221;default&#8221; phone_text_alignment=&#8221;default&#8221; column_border_width=&#8221;none&#8221; column_border_style=&#8221;solid&#8221;]<div class=\"img-with-aniamtion-wrap \" data-max-width=\"100%\" data-border-radius=\"none\"><div class=\"inner\"><img loading=\"lazy\" decoding=\"async\" data-shadow=\"none\" data-shadow-direction=\"middle\" class=\"img-with-animation \" data-delay=\"0\" height=\"90\" width=\"90\" data-animation=\"fade-in\" src=\"https:\/\/cityofmercy.lt\/wp-content\/uploads\/2017\/12\/IKONA_3.png\"  alt=\"\" \/><\/div><\/div><div class=\"divider-wrap\"><div style=\"height: 25px;\" class=\"divider\"><\/div><\/div>\n    <div class=\"col span_12 section-title text-align-center extra-padding\">\n\t\t<h2>OBIEKTY SZLAKU<\/h2><p>Opis, zdj\u0119cia, praktyczne informacje<\/p><\/div><div class=\"clear\"><\/div>[\/vc_column][\/vc_row][vc_row type=&#8221;in_container&#8221; full_screen_row_position=&#8221;middle&#8221; scene_position=&#8221;center&#8221; text_color=&#8221;dark&#8221; text_align=&#8221;left&#8221; overlay_strength=&#8221;0.3&#8243; shape_divider_position=&#8221;bottom&#8221;][vc_column column_padding=&#8221;no-extra-padding&#8221; column_padding_position=&#8221;all&#8221; background_color_opacity=&#8221;1&#8243; background_hover_color_opacity=&#8221;1&#8243; column_shadow=&#8221;none&#8221; column_border_radius=&#8221;none&#8221; width=&#8221;1\/1&#8243; tablet_text_alignment=&#8221;default&#8221; phone_text_alignment=&#8221;default&#8221; column_border_width=&#8221;none&#8221; column_border_style=&#8221;solid&#8221;][tabbed_section style=&#8221;minimal&#8221; alignment=&#8221;center&#8221; spacing=&#8221;default&#8221; tab_color=&#8221;Accent-Color&#8221; cta_button_style=&#8221;accent-color&#8221; icon_size=&#8221;24&#8243;][tab icon_family=&#8221;none&#8221; title=&#8221;1&#8243; id=&#8221;1485952760-1-17&#8243; tab_id=&#8221;1485952862598-6&#8243;][vc_row_inner column_margin=&#8221;default&#8221; text_align=&#8221;left&#8221;][vc_column_inner column_padding=&#8221;no-extra-padding&#8221; column_padding_position=&#8221;all&#8221; background_color_opacity=&#8221;1&#8243; background_hover_color_opacity=&#8221;1&#8243; column_shadow=&#8221;none&#8221; column_border_radius=&#8221;none&#8221; width=&#8221;1\/2&#8243; column_border_width=&#8221;none&#8221; column_border_style=&#8221;solid&#8221;][vc_gallery type=&#8221;nectarslider_style&#8221; images=&#8221;6626,539,6627,538&#8243; flexible_slider_height=&#8221;true&#8221; bullet_navigation_style=&#8221;see_through&#8221; onclick=&#8221;link_no&#8221;]<div class=\"divider-wrap\"><div style=\"height: 20px;\" class=\"divider\"><\/div><\/div>[vc_column_text]\n<h3><strong>Ko\u015bci\u00f3\u0142 \u015awi\u0119tych Aposto\u0142\u00f3w Filipa i Jakuba przy Klasztorze Dominikan\u00f3w<\/strong><\/h3>\n[\/vc_column_text][vc_column_text]<strong>Ko\u015bci\u00f3\u0142 zalicza si\u0119 do<\/strong> <a href=\"https:\/\/cityofmercy.lt\/pl_PL\/marsrutai\/marijos-gerbimo-vietos\/\">Szlaku Maryjnego<\/a>, <a href=\"https:\/\/cityofmercy.lt\/pl_PL\/marsrutai\/dominikonai-vilniuje\/\">Dominika\u0144skiego w Wilnie<\/a> i <a href=\"https:\/\/cityofmercy.lt\/pl_PL\/marsrutai\/jokubo-kelias\/\">Drogi \u015bw. Jakuba<\/a>.[\/vc_column_text][vc_column_text]\n<p style=\"text-align: justify;\">Drewniany Ko\u015bci\u00f3\u0142 \u015awi\u0119tych Aposto\u0142\u00f3w Filipa i Jakuba oraz Klasztor Dominikan\u00f3w zbudowano na przedmie\u015bciu \u0141ukiszek w 1642 r. Obowi\u0105zkiem zakonnik\u00f3w by\u0142o za darmo chowa\u0107 ubogich i nie\u015b\u0107 im ko\u015bcieln\u0105 pomoc. Znajdowa\u0142y si\u0119 tu w\u00f3wczas cmentarze miejskie, na kt\u00f3rych chowano n\u0119dznik\u00f3w. Drewniany Ko\u015bci\u00f3\u0142 sp\u0142on\u0105\u0142 podczas walk z wojskami moskiewskimi , a w XVIII w. odbudowano murowan\u0105 \u015bwi\u0105tyni\u0119, kt\u00f3ra nie zmieni\u0142a si\u0119 a\u017c po dzi\u015b dzie\u0144. W okresie komunizmu w Ko\u015bciele urz\u0105dzono sk\u0142ad owoc\u00f3w i warzyw, p\u00f3\u017aniej \u2013 pomieszczenie gospodarcze Teatru Opery i Baletu. Do 2004 r. w dawnym klasztorze dzia\u0142a\u0142 szpital.<\/p>\n<p style=\"text-align: justify;\">Wizerunek Matki Boskiej \u0141ukiskiej s\u0142yn\u0105\u0142 z cud\u00f3w w Ko\u015bciele Dominikan\u00f3w od ko\u0144ca XVII w. Ikon\u0119 t\u0105 z \u201ewalk moskiewskich\u201d przywi\u00f3z\u0142 genera\u0142 artylerii Wielkiego Ksi\u0119stwa Litewskiego, starosta \u0141o\u017adziei Maciej Korwin Gosiewski. Nied\u0142ugo po tym dokonywa\u0142y si\u0119 tu cuda za po\u015brednictwem wizerunku Matki Boskiej \u0141ukiskiej, opisane w ksi\u0105\u017cce pt. \u201eMistyczna fontanna\u201d w 1737 r.<\/p>\n<p style=\"text-align: justify;\">W okresie komunizmu uwa\u017cano, \u017ce cudowna ikona zagin\u0119\u0142a, okaza\u0142o si\u0119 jednak, \u017ce jest przechowywana w Ko\u015bciele \u015bw. Rafa\u0142a, znajduj\u0105cym si\u0119 po drugiej stronie rzeki. Po odzyskaniu przez Litw\u0119 niepodleg\u0142o\u015bci, ikon\u0119 zwr\u00f3cono Ko\u015bcio\u0142owi \u015bw. Filipa i Jakuba, a Ko\u015bci\u00f3\u0142 przywr\u00f3cono Dominikanom. Za\u0142o\u017cono tu generalne centrum wikariatu Dominikan\u00f3w z Bia\u0142orusi, Estonii, \u0141otwy i Litwy. W 2015 r. po raz pierwszy zabrzmia\u0142 odrestaurowany karylion ko\u015bcielny \u2013 unikalny instrument sk\u0142adaj\u0105cy si\u0119 z 61 dzwon\u00f3w. Jest on najwi\u0119kszy w krajach ba\u0142tyckich.<\/p>\n[\/vc_column_text][\/vc_column_inner][vc_column_inner column_padding=&#8221;no-extra-padding&#8221; column_padding_position=&#8221;all&#8221; background_color_opacity=&#8221;1&#8243; background_hover_color_opacity=&#8221;1&#8243; column_shadow=&#8221;none&#8221; column_border_radius=&#8221;none&#8221; width=&#8221;1\/2&#8243; column_border_width=&#8221;none&#8221; column_border_style=&#8221;solid&#8221;]<div class=\"iwithtext\"><div class=\"iwt-icon\"> <i class=\"icon-default-style icon-map-marker accent-color\"><\/i> <\/div><div class=\"iwt-text\"> <a href=\"https:\/\/goo.gl\/maps\/CoQA7hZXrJWTRtL3A\" target=\"_blank\" rel=\"noopener\">ul. Vasario 16, Wilno<\/a> <\/div><div class=\"clear\"><\/div><\/div><div class=\"divider-wrap\"><div style=\"height: 20px;\" class=\"divider\"><\/div><\/div><div class=\"iwithtext\"><div class=\"iwt-icon\"> <i class=\"icon-default-style icon-time accent-color\"><\/i> <\/div><div class=\"iwt-text\"> <strong>Ko\u015bci\u00f3\u0142 czynny<\/strong><br \/>\nI\u2013VI: 10.00\u201319.00<br \/>\nVII: 8.00\u201319.00 <\/div><div class=\"clear\"><\/div><\/div><div class=\"divider-wrap\"><div style=\"height: 20px;\" class=\"divider\"><\/div><\/div><div class=\"iwithtext\"><div class=\"iwt-icon\"> <img decoding=\"async\" src=\"https:\/\/cityofmercy.lt\/wp-content\/uploads\/2017\/12\/taurinis.png\" alt=\"\" \/> <\/div><div class=\"iwt-text\"> <strong>Msza \u015bwi\u0119ta (j. litewski)<\/strong><br \/>\nI\u2013VI: 12.00, 18.00<br \/>\nVII: 9.00, 11.00, 18.00 <\/div><div class=\"clear\"><\/div><\/div><div class=\"divider-wrap\"><div style=\"height: 20px;\" class=\"divider\"><\/div><\/div><div class=\"iwithtext\"><div class=\"iwt-icon\">  <\/div><div class=\"iwt-text\"> <strong>Msza \u015bwi\u0119ta (j. polski)<\/strong><br \/>\nVII: 16.00 <\/div><div class=\"clear\"><\/div><\/div><div class=\"divider-wrap\"><div style=\"height: 10px;\" class=\"divider\"><\/div><\/div><div class=\"iwithtext\"><div class=\"iwt-icon\">  <\/div><div class=\"iwt-text\"> Brzmienie karylion\u00f3w mo\u017cna us\u0142ysze\u0107 codziennie. Mini koncerty (15 min) rozpoczynaj\u0105 si\u0119<span lang=\"pl\" tabindex=\"0\">\u00a0o 13:00 i 19:15.<\/span><br \/>\nWi\u0119cej informacji:\u00a0<a href=\"http:\/\/www.vilniauskarilionas.lt\/karilionas\/\" target=\"_blank\" rel=\"noopener\">Vilniauskarilionas.lt<\/a> <\/div><div class=\"clear\"><\/div><\/div><div class=\"divider-wrap\"><div style=\"height: 20px;\" class=\"divider\"><\/div><\/div><div class=\"iwithtext\"><div class=\"iwt-icon\"> <i class=\"icon-default-style icon-phone accent-color\"><\/i> <\/div><div class=\"iwt-text\"> +370 5 212 46 11 <\/div><div class=\"clear\"><\/div><\/div><div class=\"divider-wrap\"><div style=\"height: 20px;\" class=\"divider\"><\/div><\/div><div class=\"iwithtext\"><div class=\"iwt-icon\"> <i class=\"icon-default-style icon-envelope accent-color\"><\/i> <\/div><div class=\"iwt-text\"> rastine.dominikonai@gmail.com <\/div><div class=\"clear\"><\/div><\/div><div class=\"divider-wrap\"><div style=\"height: 20px;\" class=\"divider\"><\/div><\/div><div class=\"iwithtext\"><div class=\"iwt-icon\"> <i class=\"icon-default-style icon-globe accent-color\"><\/i> <\/div><div class=\"iwt-text\"> <a href=\"http:\/\/www.dominikonai.lt\" target=\"_blank\" rel=\"noopener\">www.dominikonai.lt<\/a> <\/div><div class=\"clear\"><\/div><\/div>[\/vc_column_inner][\/vc_row_inner][\/tab][tab icon_family=&#8221;none&#8221; title=&#8221;2&#8243; id=&#8221;1486369479905-1-5&#8243; tab_id=&#8221;1485952862598-6&#8243;][vc_row_inner column_margin=&#8221;default&#8221; text_align=&#8221;left&#8221;][vc_column_inner column_padding=&#8221;no-extra-padding&#8221; column_padding_position=&#8221;all&#8221; background_color_opacity=&#8221;1&#8243; background_hover_color_opacity=&#8221;1&#8243; column_shadow=&#8221;none&#8221; column_border_radius=&#8221;none&#8221; width=&#8221;1\/2&#8243; column_border_width=&#8221;none&#8221; column_border_style=&#8221;solid&#8221;][vc_gallery type=&#8221;nectarslider_style&#8221; images=&#8221;543,542,541&#8243; flexible_slider_height=&#8221;true&#8221; bullet_navigation_style=&#8221;see_through&#8221; onclick=&#8221;link_no&#8221;]<div class=\"divider-wrap\"><div style=\"height: 20px;\" class=\"divider\"><\/div><\/div>[vc_column_text]\n<h3>Ko\u015bci\u00f3\u0142 \u015awi\u0119tego Ducha (Dominikan\u00f3w)<\/h3>\n[\/vc_column_text][vc_column_text]<strong>Ko\u015bci\u00f3\u0142 zalicza si\u0119 do<\/strong> <a href=\"https:\/\/cityofmercy.lt\/pl_PL\/marsrutai\/gailestingumo-kelias\/\">Szlaku Bo\u017cego Mi\u0142osierdzia<\/a> i <a href=\"https:\/\/cityofmercy.lt\/pl_PL\/marsrutai\/dominikonai-vilniuje\/\">Szlaku Dominika\u0144skiego w Wilnie.<\/a>[\/vc_column_text][vc_column_text]\n<p style=\"text-align: justify;\">Uwa\u017ca si\u0119, \u017ce pierwszy gotycki Ko\u015bci\u00f3\u0142 sta\u0142 w tym miejscu ju\u017c za czas\u00f3w Wielkiego Ksi\u0119cia Litewskiego Giedymina, zosta\u0142 jednak zburzony przez Krzy\u017cak\u00f3w. W 1408 r. Witold Wielki wzni\u00f3s\u0142 nowy Ko\u015bci\u00f3\u0142, kt\u00f3ry na pocz\u0105tku XVI w., z inicjatywy Wielkiego Ksi\u0119cia Litewskiego i kr\u00f3la polskiego Aleksandra, zosta\u0142 przekazany Zakonowi Dominikan\u00f3w.<\/p>\n<p style=\"text-align: justify;\">W XVII w. Ko\u015bci\u00f3\u0142 zrekonstruowano po kilku po\u017carach i dzisiaj ma charakter p\u00f3\u017anego baroku. Wn\u0119trze w stylu rokoko uznawane jest za jedno z najcenniejszych wn\u0119trz Ko\u015bcio\u0142\u00f3w litewskich. Ko\u015bci\u00f3\u0142 s\u0142ynie tak\u017ce z niemal w pe\u0142ni oryginalnie zachowanych organ\u00f3w z XVIII w., szesnastu o\u0142tarzy i podziemi, w kt\u00f3rych w ci\u0105gu stuleci chowano mieszka\u0144c\u00f3w miasta, ofiary pomoru i innych epidemii, \u017co\u0142nierzy armii Napoleona. Po powstaniach w XIX w. w zamkni\u0119tym przez w\u0142adze carskie klasztorze utworzono magistraty, mieszkania i wi\u0119zienia, tajne instytucje dzia\u0142aj\u0105ce na rzecz przemys\u0142u wojennego.<\/p>\n<p style=\"text-align: justify;\">W 1986 r. w tym\u017ce Ko\u015bciele, z inicjatywy\u00a0 proboszcza parafii \u015awi\u0119tego Ducha, obecnego biskupa Grodna Aleksandra Kaszkiewicza, powieszono Obraz Jezusa Mi\u0142osiernego, kt\u00f3ry sprowadzono z powrotem z Bia\u0142orusi do Wilna i odrestaurowano. W 1933 r. \u015bw. Jan Pawe\u0142 II podczas wizyty na Litwie modli\u0142 si\u0119 w tym Ko\u015bciele przy Obrazie Jezusa Mi\u0142osiernego i spotka\u0142 si\u0119 z Litwinami pochodzenia polskiego oraz z polskimi katolikami z Litwy (przy wej\u015bciu do Ko\u015bcio\u0142a widnieje tablica upami\u0119tniaj\u0105ca t\u0119 wizyt\u0119). Po tym jak Ko\u015bci\u00f3\u0142 \u015bw. Tr\u00f3jcy zosta\u0142 wyremontowany i otrzyma\u0142 tytu\u0142 Sanktuarium Bo\u017cego Mi\u0142osierdzia, Obraz przeniesiono do tego Sanktuarium dekretem kardyna\u0142a Audrysa Juozasa Ba\u010dkisa w 2005 r.<\/p>\n<p style=\"text-align: justify;\">W 2015 r. Arcybiskup Metropolita Krakowski kardyna\u0142 Stanis\u0142aw Dziwisz podarowa\u0142 parafii relikwie z krwi\u0105 \u015bw. Jana Paw\u0142a II. Relikwiarz z niezmiernie cenn\u0105 dla parafian relikwi\u0105 zosta\u0142 wkomponowany w o\u0142tarz \u015bw. Jana Paw\u0142a II w prawej nawie Ko\u015bcio\u0142a.<\/p>\n[\/vc_column_text][\/vc_column_inner][vc_column_inner column_padding=&#8221;no-extra-padding&#8221; column_padding_position=&#8221;all&#8221; background_color_opacity=&#8221;1&#8243; background_hover_color_opacity=&#8221;1&#8243; column_shadow=&#8221;none&#8221; column_border_radius=&#8221;none&#8221; width=&#8221;1\/2&#8243; column_border_width=&#8221;none&#8221; column_border_style=&#8221;solid&#8221;]<div class=\"iwithtext\"><div class=\"iwt-icon\"> <i class=\"icon-default-style icon-map-marker accent-color\"><\/i> <\/div><div class=\"iwt-text\"> <a href=\"https:\/\/goo.gl\/maps\/KFyRFez1z6Sdvj757\" target=\"_blank\" rel=\"noopener\">ul. Dominikon\u0173 8, Wilno<\/a> <\/div><div class=\"clear\"><\/div><\/div><div class=\"divider-wrap\"><div style=\"height: 20px;\" class=\"divider\"><\/div><\/div><div class=\"iwithtext\"><div class=\"iwt-icon\"> <img decoding=\"async\" src=\"https:\/\/cityofmercy.lt\/wp-content\/uploads\/2017\/12\/taurinis.png\" alt=\"\" \/> <\/div><div class=\"iwt-text\"> <strong>Msza \u015bwi\u0119ta (j. polski)<\/strong><br \/>\nI\u2013VI: 15.00, 18.00<br \/>\nVII: 8.00, 9.00 (dla dzieci), 10.30, 12.00 (dla m\u0142odzie\u017cy), 13.30, 18.00 <\/div><div class=\"clear\"><\/div><\/div><div class=\"divider-wrap\"><div style=\"height: 20px;\" class=\"divider\"><\/div><\/div>[\/vc_column_inner][\/vc_row_inner][\/tab][tab icon_family=&#8221;none&#8221; title=&#8221;3&#8243; id=&#8221;1486369493717-2-1&#8243; tab_id=&#8221;1485952862598-6&#8243;][vc_row_inner column_margin=&#8221;default&#8221; text_align=&#8221;left&#8221;][vc_column_inner column_padding=&#8221;no-extra-padding&#8221; column_padding_position=&#8221;all&#8221; background_color_opacity=&#8221;1&#8243; background_hover_color_opacity=&#8221;1&#8243; column_shadow=&#8221;none&#8221; column_border_radius=&#8221;none&#8221; width=&#8221;1\/2&#8243; column_border_width=&#8221;none&#8221; column_border_style=&#8221;solid&#8221;][vc_gallery type=&#8221;nectarslider_style&#8221; images=&#8221;545,1133,544,4855&#8243; flexible_slider_height=&#8221;true&#8221; bullet_navigation_style=&#8221;see_through&#8221; onclick=&#8221;link_no&#8221;]<div class=\"divider-wrap\"><div style=\"height: 20px;\" class=\"divider\"><\/div><\/div>[vc_column_text]\n<h3>Ko\u015bci\u00f3\u0142 Znalezienia Krzy\u017ca \u015awi\u0119tego w Kalwarii Wile\u0144skiej<\/h3>\n[\/vc_column_text][vc_column_text]<strong>Ko\u015bci\u00f3\u0142 zalicza si\u0119 do<\/strong> <a href=\"https:\/\/cityofmercy.lt\/pl_PL\/marsrutai\/marijos-gerbimo-vietos\/\">Szlaku Maryjnego<\/a>, <a href=\"https:\/\/cityofmercy.lt\/pl_PL\/marsrutai\/dominikonai-vilniuje\/\">Dominika\u0144skiego w Wilnie<\/a>, <a href=\"https:\/\/cityofmercy.lt\/pl_PL\/marsrutai\/sv-jono-pauliaus-ii-ojo-kelias\/\">\u015bw. Jana Paw\u0142a II<\/a> i <a href=\"https:\/\/cityofmercy.lt\/pl_PL\/marsrutai\/vilniaus-kalvariju-kryziaus-kelias\/\">Drogi\u00a0Krzy\u017cowej w Kalwarii.<\/a>[\/vc_column_text][vc_column_text]\n<p style=\"text-align: justify;\">Droga Krzy\u017cowa w Kalwarii Wile\u0144skiej zosta\u0142a przygotowana w podzi\u0119ce Bogu za zwyci\u0119stwo nad wojskiem carskiej Rosji i po\u015bwi\u0119cona w 1669 r. Dominikanie z klasztoru Ducha \u015awi\u0119tego w Wilnie piel\u0119gnuj\u0105cy to miejsce, wspierani przez mo\u017cnow\u0142adc\u00f3w i wznios\u0142ych duchownych, w 1772 r. zbudowali tu Ko\u015bci\u00f3\u0142 Znalezienia Krzy\u017ca \u015awi\u0119tego i 20 nowych kaplic. Do XX w. kompleks rzadko ulega\u0142 zmianom. Wi\u0119cej szk\u00f3d dokona\u0142a tylko armia napoleo\u0144ska i bolszewicy. W 1962 r. na rozkaz w\u0142adz radzieckich, w ci\u0105gu jednej nocy wysadzono niemal wszystkie stacje Drogi Krzy\u017cowej, nie powstrzyma\u0142o to jednak ludzi przed piel\u0119gnowaniem kultu M\u0119ki Pa\u0144skiej. Drog\u0119 Krzy\u017cow\u0105 przemierzali cz\u0142onkowie potajemnych wsp\u00f3lnot zakonnych i grupy wiernych. Odbudow\u0119 stacji Drogi Krzy\u017cowej rozpocz\u0119to jedynie po odzyskaniu przez Litw\u0119 niepodleg\u0142o\u015bci i zako\u0144czono w 2002 r. D\u0142ugo\u015b\u0107 obecnej Drogi Krzy\u017cowej w Kalwarii wynosi 7 km i sk\u0142ada si\u0119 z 35 stacji.<\/p>\n<p style=\"text-align: justify;\">Ko\u015bci\u00f3\u0142 Znalezienia Krzy\u017ca \u015awi\u0119tego jest kompozycyjnym i ideowym centrum Kalwarii Wile\u0144skiej. Wysokie wzg\u00f3rze, na kt\u00f3rym zosta\u0142 wzniesiony Ko\u015bci\u00f3\u0142, w topografii Kalwarii odpowiada\u00a0 G\u00f3rze Golgoty. O\u0142tarz Wielki, zwany inaczej o\u0142tarzem Chrystusa Ukrzy\u017cowanego, jest najwa\u017cniejsz\u0105 stacj\u0105 Drogi Krzy\u017cowej ku czci \u015bmierci Zbawiciela na Krzy\u017cu. Wisz\u0105ca w O\u0142tarzu figura Chrystusa Ukrzy\u017cowanego uchodzi w\u015br\u00f3d wiernych za cudown\u0105. Relikwia \u015bw. Krzy\u017ca jest wystawiona pod szklanym kloszem w o\u0142tarzu Matki Boskiej Bolesnej. \u015aciany i sklepienia Ko\u015bcio\u0142a zdobi\u0105 spektakularne freski z ko\u0144ca XVIII w.<\/p>\n<p style=\"text-align: justify;\">W o\u0142tarzu Naj\u015bwi\u0119tszej Maryi Panny w lewej nawie czczony jest obraz Naj\u015bwi\u0119tszej Maryi Panny Bolesnej. Nad Obrazem Jezusa Mi\u0142osiernego znajduje si\u0119 charakterystyczny dla Dominikan\u00f3w obraz Naj\u015bwi\u0119tszej Maryi Panny R\u00f3\u017ca\u0144cowej namalowany w XVII w. W lewej nawie mie\u015bci si\u0119 o\u0142tarz \u015bw. Hiacynta (Jacka), pami\u0119taj\u0105cy czasy Dominikan\u00f3w.<\/p>\n[\/vc_column_text][\/vc_column_inner][vc_column_inner column_padding=&#8221;no-extra-padding&#8221; column_padding_position=&#8221;all&#8221; background_color_opacity=&#8221;1&#8243; background_hover_color_opacity=&#8221;1&#8243; column_shadow=&#8221;none&#8221; column_border_radius=&#8221;none&#8221; width=&#8221;1\/2&#8243; column_border_width=&#8221;none&#8221; column_border_style=&#8221;solid&#8221;]<div class=\"iwithtext\"><div class=\"iwt-icon\"> <i class=\"icon-default-style icon-map-marker accent-color\"><\/i> <\/div><div class=\"iwt-text\"> <a href=\"https:\/\/goo.gl\/maps\/oyWreSPzwdbCiHw37\" target=\"_blank\" rel=\"noopener\">ul. Kalvarij\u0173 327, Wilno<\/a> <\/div><div class=\"clear\"><\/div><\/div><div class=\"divider-wrap\"><div style=\"height: 20px;\" class=\"divider\"><\/div><\/div><div class=\"iwithtext\"><div class=\"iwt-icon\"> <i class=\"icon-default-style icon-time accent-color\"><\/i> <\/div><div class=\"iwt-text\"> Ko\u015bci\u00f3\u0142 otwierany jest na godzin\u0119 przed Msz\u0105 \u015bwi\u0119t\u0105. <\/div><div class=\"clear\"><\/div><\/div><div class=\"divider-wrap\"><div style=\"height: 20px;\" class=\"divider\"><\/div><\/div><div class=\"iwithtext\"><div class=\"iwt-icon\"> <img decoding=\"async\" src=\"https:\/\/cityofmercy.lt\/wp-content\/uploads\/2017\/12\/taurinis.png\" alt=\"\" \/> <\/div><div class=\"iwt-text\"> <strong>Msza \u015bwi\u0119ta (j. litewski)<\/strong><br \/>\nI\u2013V: 7.00, 19.00<br \/>\nVI: 19.00<br \/>\nVII: 10.30 (dla dzieci), 12.00, 16.00 (dla m\u0142odzie\u017cy) <\/div><div class=\"clear\"><\/div><\/div><div class=\"divider-wrap\"><div style=\"height: 20px;\" class=\"divider\"><\/div><\/div><div class=\"iwithtext\"><div class=\"iwt-icon\">  <\/div><div class=\"iwt-text\"> <strong>Msza \u015bwi\u0119ta (j. polski)<\/strong><br \/>\nI\u2013VI: 13.00, 18.00<br \/>\nVII: 7.00, 9.00, 13.30 <\/div><div class=\"clear\"><\/div><\/div><div class=\"divider-wrap\"><div style=\"height: 20px;\" class=\"divider\"><\/div><\/div><div class=\"iwithtext\"><div class=\"iwt-icon\"> <i class=\"icon-default-style icon-calendar accent-color\"><\/i> <\/div><div class=\"iwt-text\"> <strong>Odpust<\/strong><br \/>\n<a href=\"https:\/\/cityofmercy.lt\/pl_PL\/renginiai\/sekmines-vilniaus-kalvarijose\/\" target=\"_blank\" rel=\"noopener\">Zielone \u015awi\u0105tki<\/a><br \/>\nUczczenie relikwii Krzy\u017ca \u015awi\u0119tego \u2013 dnia 14 ka\u017cdego miesi\u0105ca. Msza\u00a0\u015bwi\u0119ta w\u00a0Ko\u015bciele o godz.\u00a012.00 (j. litewski), 13.30 (j. polski).<br \/>\nPielgrzymi przemierzaj\u0105cy Drog\u0119 Krzy\u017cow\u0105 otrzymuj\u0105 odpust od pierwszej niedzieli maja do dnia 14\u00a0wrze\u015bnia. <\/div><div class=\"clear\"><\/div><\/div><div class=\"divider-wrap\"><div style=\"height: 20px;\" class=\"divider\"><\/div><\/div><div class=\"iwithtext\"><div class=\"iwt-icon\"> <i class=\"icon-default-style icon-envelope accent-color\"><\/i> <\/div><div class=\"iwt-text\"> info@vilniauskalvarijos.lt <\/div><div class=\"clear\"><\/div><\/div><div class=\"divider-wrap\"><div style=\"height: 20px;\" class=\"divider\"><\/div><\/div><div class=\"iwithtext\"><div class=\"iwt-icon\"> <i class=\"icon-default-style icon-globe accent-color\"><\/i> <\/div><div class=\"iwt-text\"> <a href=\"http:\/\/www.vilniauskalvarijos.lt\" target=\"_blank\" rel=\"noopener\">www.vilniauskalvarijos.lt<\/a> <\/div><div class=\"clear\"><\/div><\/div>[\/vc_column_inner][\/vc_row_inner][\/tab][tab icon_family=&#8221;none&#8221; title=&#8221;4&#8243; id=&#8221;1488452432016-3-4&#8243; tab_id=&#8221;1485952862598-6&#8243;][vc_row_inner column_margin=&#8221;default&#8221; text_align=&#8221;left&#8221;][vc_column_inner column_padding=&#8221;no-extra-padding&#8221; column_padding_position=&#8221;all&#8221; background_color_opacity=&#8221;1&#8243; background_hover_color_opacity=&#8221;1&#8243; column_shadow=&#8221;none&#8221; column_border_radius=&#8221;none&#8221; width=&#8221;1\/2&#8243; column_border_width=&#8221;none&#8221; column_border_style=&#8221;solid&#8221;]<div class=\"img-with-aniamtion-wrap right\" data-max-width=\"100%\" data-border-radius=\"none\"><div class=\"inner\"><img loading=\"lazy\" decoding=\"async\" data-shadow=\"none\" data-shadow-direction=\"middle\" class=\"img-with-animation \" data-delay=\"0\" height=\"400\" width=\"600\" data-animation=\"none\" src=\"https:\/\/cityofmercy.lt\/wp-content\/uploads\/2018\/01\/HIACINTAS.jpg\" srcset=\"https:\/\/cityofmercy.lt\/wp-content\/uploads\/2018\/01\/HIACINTAS.jpg 600w, https:\/\/cityofmercy.lt\/wp-content\/uploads\/2018\/01\/HIACINTAS-300x200.jpg 300w\" sizes=\"auto, 100vw\" alt=\"\" \/><\/div><\/div><div class=\"divider-wrap\"><div style=\"height: 20px;\" class=\"divider\"><\/div><\/div>[vc_column_text]\n<h3>Figura \u015bw. Hiacynta (Jacka)<\/h3>\n[\/vc_column_text][vc_column_text]\n<p style=\"text-align: justify;\">\u015aw. Hiacynt by\u0142 jednym z pierwszych braci, kt\u00f3rego sam \u015bw. Dominik przyj\u0105\u0142 do zakonu. Po uko\u0144czeniu nowicjatu i z\u0142o\u017ceniu \u015blub\u00f3w zosta\u0142 wys\u0142any wraz z innymi bra\u0107mi na misj\u0119 do Polski. Kiedy w 1228 r. utworzono w Polsce prowincj\u0119 zakonu Dominikan\u00f3w, \u015bw. Hiacynt zosta\u0142 mianowany prowincja\u0142em, jednak nie przyj\u0105\u0142 tego tytu\u0142u.<\/p>\n<p style=\"text-align: justify;\">Na misj\u0119 przewa\u017cnie by\u0142 kierowany do Rosji, Prus i Polski. Przypuszcza si\u0119, \u017ce odwiedzi\u0142 Litw\u0119\u00a0\u00a0\u00a0\u00a0 \u00a0(oko\u0142o 1231 r.), \u0141otw\u0119, Dani\u0119, Szwecj\u0119 i Norwegi\u0119. W\u0142a\u015bnie dlatego nazywany by\u0142 \u201eAposto\u0142em P\u00f3\u0142nocy\u201d. Wed\u0142ug legendy, podczas ataku Tatar\u00f3w na Kij\u00f3w, \u015bw. Hiacynt w cudowny spos\u00f3b uratowa\u0142 monstrancj\u0119 z Naj\u015bwi\u0119tszym Sakramentem i figur\u0105 Naj\u015bwi\u0119tszej Maryi Panny. Dlatego w\u0142a\u015bnie w ikonografii zwykle przedstawiany jest z monstrancj\u0105 lub kustodi\u0105 w jednej r\u0119ce i figurk\u0105 Matki Bo\u017cej z Dzieci\u0105tkiem w drugiej.<\/p>\n<p style=\"text-align: justify;\">Zmar\u0142 15 sierpnia 1257 r. w Krakowie. Liturgiczny obch\u00f3d przypada na dzie\u0144 17 sierpnia. W 1527 r. zosta\u0142 beatyfikowany, w 1594 r. kanonizowany i og\u0142oszony przez Ko\u015bci\u00f3\u0142 \u015bwi\u0119tym. W 1686 r. papie\u017c Innocenty XI og\u0142osi\u0142 go patronem Litwy.<\/p>\n<p style=\"text-align: justify;\">W 1501 r. dominika\u0144scy zakonnicy zbudowali\u00a0 w pobli\u017cu by\u0142ych granic miasta Wilna drewnian\u0105 kaplic\u0119 ku czci \u015bw. Hiacynta.<\/p>\n<p style=\"text-align: justify;\">\u015aw. Hiacynt uznawany jest za patrona podr\u00f3\u017cnik\u00f3w, dlatego kaplica przeznaczona jest na modlitw\u0119 w intencji podr\u00f3\u017cuj\u0105cych, ruszaj\u0105cych z Wilna w dalek\u0105 drog\u0119. Murowana kaplica zosta\u0142a zbudowana ju\u017c w czasie baroku, a nowa figura powsta\u0142a w 1901 r. Stara drewniana rze\u017aba zosta\u0142a przeniesiona do Ko\u015bcio\u0142a \u015awi\u0119tych Aposto\u0142\u00f3w Filipa i Jakuba i umieszczona w kaplicy \u015bw. Hiacynta.<\/p>\n[\/vc_column_text][\/vc_column_inner][vc_column_inner column_padding=&#8221;no-extra-padding&#8221; column_padding_position=&#8221;all&#8221; background_color_opacity=&#8221;1&#8243; background_hover_color_opacity=&#8221;1&#8243; column_shadow=&#8221;none&#8221; column_border_radius=&#8221;none&#8221; width=&#8221;1\/2&#8243; column_border_width=&#8221;none&#8221; column_border_style=&#8221;solid&#8221;]<div class=\"iwithtext\"><div class=\"iwt-icon\"> <i class=\"icon-default-style icon-map-marker accent-color\"><\/i> <\/div><div class=\"iwt-text\"> <a href=\"https:\/\/www.google.com\/maps\/place\/\u0160v.+Hiacinto+(Jackaus)+koply\u010dia\/@54.6808155,25.2597335,17z\/data=!3m1!4b1!4m5!3m4!1s0x46dd94735742d2fd:0xfae20af64d56512!8m2!3d54.6808124!4d25.2619222\" target=\"_blank\" rel=\"noopener\">Skrzy\u017cowanie ulic S. Konarskio i Jovaro<\/a> <\/div><div class=\"clear\"><\/div><\/div><div class=\"divider-wrap\"><div style=\"height: 20px;\" class=\"divider\"><\/div><\/div><div class=\"iwithtext\"><div class=\"iwt-icon\"> <i class=\"icon-default-style icon-info accent-color\"><\/i> <\/div><div class=\"iwt-text\"> Obiekt publiczny <\/div><div class=\"clear\"><\/div><\/div>[\/vc_column_inner][\/vc_row_inner][\/tab][\/tabbed_section][\/vc_column][\/vc_row][vc_row type=&#8221;in_container&#8221; full_screen_row_position=&#8221;middle&#8221; scene_position=&#8221;center&#8221; text_color=&#8221;dark&#8221; text_align=&#8221;left&#8221; overlay_strength=&#8221;0.3&#8243; shape_divider_position=&#8221;bottom&#8221;][vc_column column_padding=&#8221;no-extra-padding&#8221; column_padding_position=&#8221;all&#8221; background_color_opacity=&#8221;1&#8243; background_hover_color_opacity=&#8221;1&#8243; column_shadow=&#8221;none&#8221; column_border_radius=&#8221;none&#8221; width=&#8221;1\/1&#8243; tablet_text_alignment=&#8221;default&#8221; phone_text_alignment=&#8221;default&#8221; column_border_width=&#8221;none&#8221; column_border_style=&#8221;solid&#8221;]<div class=\"divider-wrap\"><div style=\"height: 200px;\" class=\"divider\"><\/div><\/div>[\/vc_column][\/vc_row][vc_row type=&#8221;in_container&#8221; full_screen_row_position=&#8221;middle&#8221; scene_position=&#8221;center&#8221; text_color=&#8221;dark&#8221; text_align=&#8221;left&#8221; overlay_strength=&#8221;0.3&#8243; shape_divider_position=&#8221;bottom&#8221;][vc_column column_padding=&#8221;no-extra-padding&#8221; column_padding_position=&#8221;all&#8221; background_color_opacity=&#8221;1&#8243; background_hover_color_opacity=&#8221;1&#8243; column_shadow=&#8221;none&#8221; column_border_radius=&#8221;none&#8221; width=&#8221;1\/1&#8243; tablet_text_alignment=&#8221;default&#8221; phone_text_alignment=&#8221;default&#8221; column_border_width=&#8221;none&#8221; column_border_style=&#8221;solid&#8221;][vc_column_text]\n[\/vc_column_text][\/vc_column][\/vc_row]\n","protected":false},"excerpt":{"rendered":"<p>[vc_row type=&#8221;in_container&#8221; full_screen_row_position=&#8221;middle&#8221; scene_position=&#8221;center&#8221; text_color=&#8221;dark&#8221; text_align=&#8221;left&#8221; overlay_strength=&#8221;0.3&#8243; shape_divider_position=&#8221;bottom&#8221;][vc_column centered_text=&#8221;true&#8221; column_padding=&#8221;no-extra-padding&#8221; column_&#8230;<\/p>\n","protected":false},"author":2,"featured_media":539,"parent":36,"menu_order":0,"comment_status":"closed","ping_status":"closed","template":"","meta":{"footnotes":""},"class_list":["post-75","page","type-page","status-publish","has-post-thumbnail","hentry"],"_links":{"self":[{"href":"https:\/\/cityofmercy.lt\/pl_PL\/wp-json\/wp\/v2\/pages\/75","targetHints":{"allow":["GET"]}}],"collection":[{"href":"https:\/\/cityofmercy.lt\/pl_PL\/wp-json\/wp\/v2\/pages"}],"about":[{"href":"https:\/\/cityofmercy.lt\/pl_PL\/wp-json\/wp\/v2\/types\/page"}],"author":[{"embeddable":true,"href":"https:\/\/cityofmercy.lt\/pl_PL\/wp-json\/wp\/v2\/users\/2"}],"replies":[{"embeddable":true,"href":"https:\/\/cityofmercy.lt\/pl_PL\/wp-json\/wp\/v2\/comments?post=75"}],"version-history":[{"count":142,"href":"https:\/\/cityofmercy.lt\/pl_PL\/wp-json\/wp\/v2\/pages\/75\/revisions"}],"predecessor-version":[{"id":6985,"href":"https:\/\/cityofmercy.lt\/pl_PL\/wp-json\/wp\/v2\/pages\/75\/revisions\/6985"}],"up":[{"embeddable":true,"href":"https:\/\/cityofmercy.lt\/pl_PL\/wp-json\/wp\/v2\/pages\/36"}],"wp:featuredmedia":[{"embeddable":true,"href":"https:\/\/cityofmercy.lt\/pl_PL\/wp-json\/wp\/v2\/media\/539"}],"wp:attachment":[{"href":"https:\/\/cityofmercy.lt\/pl_PL\/wp-json\/wp\/v2\/media?parent=75"}],"curies":[{"name":"wp","href":"https:\/\/api.w.org\/{rel}","templated":true}]}}