{"id":182,"date":"2017-11-30T16:30:10","date_gmt":"2017-11-30T16:30:10","guid":{"rendered":"http:\/\/cityofmercy.lt\/?page_id=182"},"modified":"2021-01-25T06:55:04","modified_gmt":"2021-01-25T06:55:04","slug":"traku-dievo-motinos-atlaidai-ir-paveikslo-karunavimo-300-metiniu-jubiliejus","status":"publish","type":"page","link":"https:\/\/cityofmercy.lt\/pl_PL\/renginiai\/traku-dievo-motinos-atlaidai-ir-paveikslo-karunavimo-300-metiniu-jubiliejus\/","title":{"rendered":"Odpust Matki Bo\u017cej Trockiej"},"content":{"rendered":"[vc_row type=&#8221;in_container&#8221; full_screen_row_position=&#8221;middle&#8221; scene_position=&#8221;center&#8221; text_color=&#8221;dark&#8221; text_align=&#8221;left&#8221; overlay_strength=&#8221;0.3&#8243; shape_divider_position=&#8221;bottom&#8221;][vc_column centered_text=&#8221;true&#8221; column_padding=&#8221;no-extra-padding&#8221; column_padding_position=&#8221;all&#8221; background_color_opacity=&#8221;1&#8243; background_hover_color_opacity=&#8221;1&#8243; column_shadow=&#8221;none&#8221; column_border_radius=&#8221;none&#8221; width=&#8221;1\/1&#8243; tablet_text_alignment=&#8221;default&#8221; phone_text_alignment=&#8221;default&#8221; column_border_width=&#8221;none&#8221; column_border_style=&#8221;solid&#8221;][vc_column_text]\n<h4><strong>Odpust\u00a0Matki Bo\u017cej Trockiej.\u00a0<\/strong>Pielgrzymka piesza Wilno-Troki.<\/h4>\n[\/vc_column_text]<div class=\"divider-wrap\"><div style=\"margin-top: 25px; height: 1px; margin-bottom: 25px;\" data-width=\"100%\" data-animate=\"\" data-animation-delay=\"\" data-color=\"default\" class=\"divider-border\"><\/div><\/div>[\/vc_column][\/vc_row][vc_row type=&#8221;in_container&#8221; full_screen_row_position=&#8221;middle&#8221; scene_position=&#8221;center&#8221; text_color=&#8221;dark&#8221; text_align=&#8221;left&#8221; overlay_strength=&#8221;0.3&#8243; shape_divider_position=&#8221;bottom&#8221;][vc_column column_padding=&#8221;no-extra-padding&#8221; column_padding_position=&#8221;all&#8221; background_color_opacity=&#8221;1&#8243; background_hover_color_opacity=&#8221;1&#8243; column_shadow=&#8221;none&#8221; column_border_radius=&#8221;none&#8221; width=&#8221;1\/1&#8243; tablet_text_alignment=&#8221;default&#8221; phone_text_alignment=&#8221;default&#8221; column_border_width=&#8221;none&#8221; column_border_style=&#8221;solid&#8221;][vc_row_inner column_margin=&#8221;default&#8221; text_align=&#8221;left&#8221;][vc_column_inner column_padding=&#8221;no-extra-padding&#8221; column_padding_position=&#8221;all&#8221; background_color_opacity=&#8221;1&#8243; background_hover_color_opacity=&#8221;1&#8243; column_shadow=&#8221;none&#8221; column_border_radius=&#8221;none&#8221; width=&#8221;1\/2&#8243; column_border_width=&#8221;none&#8221; column_border_style=&#8221;solid&#8221;][nectar_video_lightbox link_style=&#8221;play_button_2&#8243; nectar_play_button_color=&#8221;Default-Accent-Color&#8221; image_url=&#8221;262&#8243; hover_effect=&#8221;defaut&#8221; box_shadow=&#8221;none&#8221; border_radius=&#8221;none&#8221; play_button_size=&#8221;default&#8221; video_url=&#8221;https:\/\/www.youtube.com\/watch?v=KLpwL1aUQBc&#8221;]<div class=\"divider-wrap\"><div style=\"height: 20px;\" class=\"divider\"><\/div><\/div>[\/vc_column_inner][vc_column_inner column_padding=&#8221;no-extra-padding&#8221; column_padding_position=&#8221;all&#8221; background_color_opacity=&#8221;1&#8243; background_hover_color_opacity=&#8221;1&#8243; column_shadow=&#8221;none&#8221; column_border_radius=&#8221;none&#8221; width=&#8221;1\/2&#8243; column_border_width=&#8221;none&#8221; column_border_style=&#8221;solid&#8221;]<div class=\"iwithtext\"><div class=\"iwt-icon\"> <i class=\"icon-default-style icon-map-marker accent-color\"><\/i> <\/div><div class=\"iwt-text\"> <a href=\"https:\/\/www.google.com\/maps\/place\/Trak\u0173+\u0160v\u010d.+Mergel\u0117s+Marijos+Apsilankymo+Ba\u017eny\u010dia\/@54.6427585,24.9318228,17z\/data=!3m1!4b1!4m5!3m4!1s0x46ddf30ca5f9e3f7:0xfd70884f419d0bc9!8m2!3d54.6427585!4d24.9340115\" target=\"_blank\" rel=\"noopener\">Bazylika Nawiedzenia Naj\u015bwi\u0119tszej Maryi Panny w Trokach<\/a> <\/div><div class=\"clear\"><\/div><\/div><div class=\"divider-wrap\"><div style=\"height: 10px;\" class=\"divider\"><\/div><\/div><div class=\"iwithtext\"><div class=\"iwt-icon\"> <i class=\"icon-default-style icon-calendar accent-color\"><\/i> <\/div><div class=\"iwt-text\"> 1-8 wrze\u015bnia <\/div><div class=\"clear\"><\/div><\/div><div class=\"divider-wrap\"><div style=\"margin-top: 15px; width: 20%px; height: 1px; margin-bottom: 15px;\" data-width=\"20%\" data-animate=\"\" data-animation-delay=\"\" data-color=\"accent-color\" class=\"divider-small-border\"><\/div><\/div>[vc_column_text]\n<p style=\"text-align: justify;\">3 wrze\u015bnia 2017 r. <a href=\"https:\/\/cityofmercy.lt\/pl_PL\/objektai\/traku-svc-mergeles-marijos-apsilankymo-bazilika\/\" target=\"_blank\" rel=\"noopener\">ko\u015bci\u00f3\u0142 w Trokach<\/a> otrzyma\u0142 tytu\u0142 bazyliki. Ten tytu\u0142 przypomina o historycznym znaczeniu ko\u015bcio\u0142a w Trokach: jest jednym\u00a0z pierwszych Ko\u015bcio\u0142\u00f3w, wzniesionych po chrzcie Litwy pod koniec XIV w. Budow\u0119 ko\u015bcio\u0142a\u00a0ufundowa\u0142 Wielki Ksi\u0105\u017c\u0119 Litewski Witold. Od dawna przybywali tu przyw\u00f3dcy pa\u0144stwowi i zwykli\u00a0ludzie, aby w trudnych czasach modli\u0107 si\u0119 o pok\u00f3j i rozkwit Litwy. Jednocze\u015bnie miejsce to\u00a0przypomina\u0142o o wielkich czasach ksi\u0119cia Witolda.<\/p>\n<p style=\"text-align: justify;\">Kult Matki Boskiej Trockiej zacz\u0105\u0142 si\u0119 rozwija\u0107 w XVII w. \u2013 w okresie nieustannych walk i strat pa\u0144stwa\u00a0litewskiego i polskiego. Obraz Matki Boskiej Trockiej przyci\u0105ga rzesze wiernych z powodu niezwyk\u0142ych\u00a0cud\u00f3w, a tak\u017ce dlatego, \u017ce przypomina\u0142 Wielkiego Ksi\u0119cia Litewskiego Witolda i jego wspania\u0142e czasy.\u00a0Ko\u015bci\u00f3\u0142 by\u0142 \u017ar\u00f3d\u0142em narodowej si\u0142y, dlatego przedstawiciele najwy\u017cszych w\u0142adz pa\u0144stwowych i\u00a0mo\u017cnow\u0142adcy przybywali tutaj, aby pomodli\u0107 si\u0119 przed Obrazem Matki Boskiej.<\/p>\n<p style=\"text-align: justify;\">Dnia 4 wrze\u015bnia 1718 r. cudowny Obraz Matki Boskiej Trockiej zosta\u0142 uroczy\u015bcie ukoronowany z\u0142otymi\u00a0koronami, przys\u0142anymi przez papie\u017ca Klemensa XI. To by\u0142o drugie takie wydarzenie na \u015bwiecie poza\u00a0Rzymem. Otrzyma\u0142a Ona tytu\u0142 Or\u0119downiczki Chorych, a ludzie mianowali J\u0105 Patronk\u0105 Wielkiego\u00a0Ksi\u0119stwa Litewskiego, p\u00f3\u017aniej Patronk\u0105 Litwy. Trwaj\u0105ce osiem dni uroczysto\u015bci koronacyjne\u00a0zapocz\u0105tkowa\u0142y trockie odpusty.<\/p>\n<p style=\"text-align: justify;\">Dzisiaj rzesze pielgrzym\u00f3w przybywaj\u0105 na trockie odpusty z okolicznych miejsc i ca\u0142ej Litwy. Ka\u017cdego\u00a0roku setki m\u0142odzie\u017cy rozpoczynaj\u0105 piesz\u0105 pielgrzymk\u0119 z <a href=\"https:\/\/cityofmercy.lt\/pl_PL\/objektai\/ausros-vartai\/\" target=\"_blank\" rel=\"noopener\">Kaplicy Ostrobramskiej<\/a> do Trok, ktor\u0105 ko\u0144cz\u0105 modlitw\u0105\u00a0przed Obrazem Matki Boskiej Trockiej, Patronki Litwy.<\/p>\n<p>4 wrze\u015bnia 2018 r. mija\u0142o 300 lat od koronacji s\u0142yn\u0105cego cudami Obrazu Matki Boskiej Trockiej,\u00a0Patronki Litwy.<\/p>\n<p>Wi\u0119cej informacji o cudownym obrazie Matki Boskiej Trockiej znajdziecie czytaj\u0105c o <a href=\"https:\/\/cityofmercy.lt\/pl_PL\/marsrutai\/marijos-gerbimo-vietos\/\">Szlaku miejsc kultu Maryjnego.<\/a>[\/vc_column_text][\/vc_column_inner][\/vc_row_inner][\/vc_column][\/vc_row][vc_row type=&#8221;in_container&#8221; full_screen_row_position=&#8221;middle&#8221; scene_position=&#8221;center&#8221; text_color=&#8221;dark&#8221; text_align=&#8221;left&#8221; overlay_strength=&#8221;0.3&#8243; shape_divider_position=&#8221;bottom&#8221;][vc_column column_padding=&#8221;no-extra-padding&#8221; column_padding_position=&#8221;all&#8221; background_color_opacity=&#8221;1&#8243; background_hover_color_opacity=&#8221;1&#8243; column_shadow=&#8221;none&#8221; column_border_radius=&#8221;none&#8221; width=&#8221;1\/1&#8243; tablet_text_alignment=&#8221;default&#8221; phone_text_alignment=&#8221;default&#8221; column_border_width=&#8221;none&#8221; column_border_style=&#8221;solid&#8221;]<div class=\"divider-wrap\"><div style=\"height: 200px;\" class=\"divider\"><\/div><\/div>[\/vc_column][\/vc_row]\n","protected":false},"excerpt":{"rendered":"<p>[vc_row type=&#8221;in_container&#8221; full_screen_row_position=&#8221;middle&#8221; scene_position=&#8221;center&#8221; text_color=&#8221;dark&#8221; text_align=&#8221;left&#8221; overlay_strength=&#8221;0.3&#8243; shape_divider_position=&#8221;bottom&#8221;][vc_column centered_text=&#8221;true&#8221; column_padding=&#8221;no-extra-padding&#8221; column_&#8230;<\/p>\n","protected":false},"author":2,"featured_media":262,"parent":51,"menu_order":0,"comment_status":"closed","ping_status":"closed","template":"","meta":{"footnotes":""},"class_list":["post-182","page","type-page","status-publish","has-post-thumbnail","hentry"],"_links":{"self":[{"href":"https:\/\/cityofmercy.lt\/pl_PL\/wp-json\/wp\/v2\/pages\/182","targetHints":{"allow":["GET"]}}],"collection":[{"href":"https:\/\/cityofmercy.lt\/pl_PL\/wp-json\/wp\/v2\/pages"}],"about":[{"href":"https:\/\/cityofmercy.lt\/pl_PL\/wp-json\/wp\/v2\/types\/page"}],"author":[{"embeddable":true,"href":"https:\/\/cityofmercy.lt\/pl_PL\/wp-json\/wp\/v2\/users\/2"}],"replies":[{"embeddable":true,"href":"https:\/\/cityofmercy.lt\/pl_PL\/wp-json\/wp\/v2\/comments?post=182"}],"version-history":[{"count":57,"href":"https:\/\/cityofmercy.lt\/pl_PL\/wp-json\/wp\/v2\/pages\/182\/revisions"}],"predecessor-version":[{"id":5944,"href":"https:\/\/cityofmercy.lt\/pl_PL\/wp-json\/wp\/v2\/pages\/182\/revisions\/5944"}],"up":[{"embeddable":true,"href":"https:\/\/cityofmercy.lt\/pl_PL\/wp-json\/wp\/v2\/pages\/51"}],"wp:featuredmedia":[{"embeddable":true,"href":"https:\/\/cityofmercy.lt\/pl_PL\/wp-json\/wp\/v2\/media\/262"}],"wp:attachment":[{"href":"https:\/\/cityofmercy.lt\/pl_PL\/wp-json\/wp\/v2\/media?parent=182"}],"curies":[{"name":"wp","href":"https:\/\/api.w.org\/{rel}","templated":true}]}}