{"id":160,"date":"2017-11-30T16:21:28","date_gmt":"2017-11-30T16:21:28","guid":{"rendered":"http:\/\/cityofmercy.lt\/?page_id=160"},"modified":"2021-05-27T18:24:41","modified_gmt":"2021-05-27T15:24:41","slug":"vilniaus-arkikatedra-bazilika","status":"publish","type":"page","link":"https:\/\/cityofmercy.lt\/pl_PL\/objektai\/vilniaus-arkikatedra-bazilika\/","title":{"rendered":"Bazylika Archikatedralna \u015bw. Stanis\u0142awa Biskupa i \u015bw. W\u0142adys\u0142awa w Wilnie"},"content":{"rendered":"[vc_row type=&#8221;in_container&#8221; full_screen_row_position=&#8221;middle&#8221; scene_position=&#8221;center&#8221; text_color=&#8221;dark&#8221; text_align=&#8221;left&#8221; overlay_strength=&#8221;0.3&#8243; shape_divider_position=&#8221;bottom&#8221;][vc_column centered_text=&#8221;true&#8221; column_padding=&#8221;no-extra-padding&#8221; column_padding_position=&#8221;all&#8221; background_color_opacity=&#8221;1&#8243; background_hover_color_opacity=&#8221;1&#8243; column_shadow=&#8221;none&#8221; column_border_radius=&#8221;none&#8221; width=&#8221;1\/1&#8243; tablet_text_alignment=&#8221;default&#8221; phone_text_alignment=&#8221;default&#8221; column_border_width=&#8221;none&#8221; column_border_style=&#8221;solid&#8221;][vc_column_text]\n<h4><strong>Bazylika Archikatedralna \u015bw. Stanis\u0142awa Biskupa i \u015bw. W\u0142adys\u0142awa w Wilnie<\/strong><\/h4>\n[\/vc_column_text]<div class=\"divider-wrap\"><div style=\"margin-top: 25px; height: 1px; margin-bottom: 25px;\" data-width=\"100%\" data-animate=\"\" data-animation-delay=\"\" data-color=\"default\" class=\"divider-border\"><\/div><\/div>[\/vc_column][\/vc_row][vc_row type=&#8221;in_container&#8221; full_screen_row_position=&#8221;middle&#8221; scene_position=&#8221;center&#8221; text_color=&#8221;dark&#8221; text_align=&#8221;left&#8221; overlay_strength=&#8221;0.3&#8243; shape_divider_position=&#8221;bottom&#8221;][vc_column column_padding=&#8221;no-extra-padding&#8221; column_padding_position=&#8221;all&#8221; background_color_opacity=&#8221;1&#8243; background_hover_color_opacity=&#8221;1&#8243; column_shadow=&#8221;none&#8221; column_border_radius=&#8221;none&#8221; top_margin=&#8221;-30&#8243; width=&#8221;1\/1&#8243; tablet_text_alignment=&#8221;default&#8221; phone_text_alignment=&#8221;default&#8221; column_border_width=&#8221;none&#8221; column_border_style=&#8221;solid&#8221;][vc_row_inner column_margin=&#8221;default&#8221; text_align=&#8221;left&#8221;][vc_column_inner column_padding=&#8221;no-extra-padding&#8221; column_padding_position=&#8221;all&#8221; background_color_opacity=&#8221;1&#8243; background_hover_color_opacity=&#8221;1&#8243; column_shadow=&#8221;none&#8221; column_border_radius=&#8221;none&#8221; width=&#8221;1\/2&#8243; column_border_width=&#8221;none&#8221; column_border_style=&#8221;solid&#8221;][nectar_image_with_hotspots image=&#8221;6004&#8243; preview=&#8221;https:\/\/cityofmercy.lt\/wp-content\/uploads\/2021\/01\/IMG_3120-min.jpg&#8221; color_1=&#8221;Accent-Color&#8221; hotspot_icon=&#8221;plus_sign&#8221; tooltip=&#8221;hover&#8221; tooltip_shadow=&#8221;medium_depth&#8221; animation=&#8221;true&#8221;][nectar_hotspot left=&#8221;49.2015%&#8221; top=&#8221;35.1097%&#8221; position=&#8221;right&#8221;]Fronton Katedry zdobi\u0105 trzy rze\u017aby. Po lewej \u2013 biskup krakowski i patron Katedry Wile\u0144skiej \u015bw. Stanis\u0142aw. Po \u015brodku \u2013 \u015bw. Helena \u2013 matka imperatora Rzymu Konstantego, kt\u00f3ra odnalaz\u0142a w Palestynie Krzy\u017c, na kt\u00f3rym zosta\u0142 ukrzy\u017cowany Jezus Chrystus. Po prawej \u2013 ksi\u0105\u017c\u0119 \u015bw. Kazimierz \u2013 patron Litwy i Polski, a tak\u017ce m\u0142odzie\u017cy. W okresie komunizmu zburzono pos\u0105gi \u015bwi\u0119tych autorstwa K. Jelskiego. W 1997 r. odtworzy\u0142 je rze\u017abiarz Stanis\u0142aw Kuzma.[\/nectar_hotspot][nectar_hotspot left=&#8221;44.8815%&#8221; top=&#8221;55.3814%&#8221; position=&#8221;right&#8221;]Tympanon przedstawia ofiar\u0119 Noego. Biblia opisuje, jak dzi\u0119ki wierze Noe zosta\u0142 ocalony z potopu przez Boga. Na pok\u0142ad arki Noe wszed\u0142 z \u017con\u0105, synami i ich \u017conami, a wraz z nimi zabra\u0142 wszelkie gatunki zwierz\u0105t. Rze\u017abiarz Tommaso Righi przedstawi\u0142, jak po opadni\u0119ciu wody ocaleni z\u0142o\u017cyli Bogu ofiar\u0119 w podzi\u0119ce za wybawienie. Noe i cz\u0142onkowie jego rodziny spogl\u0105daj\u0105 na Krzy\u017c, widoczny ponad dachem Ko\u015bcio\u0142a, symbolizuj\u0105cy ofiar\u0119 Jezusa, kt\u00f3r\u0105 z\u0142o\u017cy\u0142 dla odkupienia ludzko\u015bci.[\/nectar_hotspot][\/nectar_image_with_hotspots]<div class=\"divider-wrap\"><div style=\"height: 20px;\" class=\"divider\"><\/div><\/div>[vc_column_text]<b>Ko\u015bci\u00f3\u0142 zalicza si\u0119 do<\/b><b>\u00a0<\/b><a href=\"http:\/\/cityofmercy.lt\/en_GB\/marsrutai\/gailestingumo-kelias\/\" target=\"_blank\" rel=\"noopener\">Szlaku Bo\u017cego Mi\u0142osierdzia<\/a>, <a href=\"http:\/\/cityofmercy.lt\/en_GB\/marsrutai\/marijos-gerbimo-vietos\/\" target=\"_blank\" rel=\"noopener\">Szlaku Maryjnego<\/a>, <a href=\"http:\/\/cityofmercy.lt\/en_GB\/marsrutai\/vilniaus-sventieji\/\" target=\"_blank\" rel=\"noopener\">Postacie \u015bwi\u0119tych wile\u0144skich<\/a>, <a href=\"http:\/\/cityofmercy.lt\/en_GB\/marsrutai\/sv-jono-pauliaus-ii-ojo-kelias\/\" target=\"_blank\" rel=\"noopener\">Szlaku\u00a0\u015bw. Jana Paw\u0142a II<\/a>, <a href=\"http:\/\/cityofmercy.lt\/en_GB\/marsrutai\/katedra-varpine-lobynas\/\" target=\"_blank\" rel=\"noopener\">Katedra.Dzwonnica.Skarbiec.<\/a>[\/vc_column_text]<div class=\"divider-wrap\"><div style=\"height: 20px;\" class=\"divider\"><\/div><\/div>[vc_column_text]\n<p style=\"text-align: justify;\">Historyczn\u0105 podr\u00f3\u017c na Litwie \u015bw. Jan Pawe\u0142 II rozpocz\u0105\u0142 modlitw\u0105 w Bazylice Archikatedralnej w\u00a0Wilnie przypominaj\u0105c, \u017ce w tej oto \u015bwi\u0105tyni bije serce narodu litewskiego. Katedra Wile\u0144ska jest\u00a0jednym z najstarszych Ko\u015bcio\u0142\u00f3w na Litwie. Po raz pierwszy zosta\u0142a wspomniana w \u017ar\u00f3d\u0142ach\u00a0historycznych w 1387 r., roku chrztu Litwy. Katedrze nadano tytu\u0142 \u015bw. W\u0142adys\u0142awa (kr\u00f3la i patrona\u00a0W\u0119gier), zgodnie z przyj\u0119tym na chrzcie imieniem Jagie\u0142\u0142y, \u00f3wczesnego w\u0142adcy Litwy i Polski.\u00a0Znajduj\u0105cy si\u0119 w pobli\u017cu o\u0142tarza g\u0142\u00f3wnego obraz, namalowany przez znanego malarza litewskiego\u00a0Franciszka Smuglewicza, przedstawia \u015bmier\u0107 \u015bw. Stanis\u0142awa biskupa krakowskiego, innego patrona\u00a0Katedry Wile\u0144skiej. Podobno krytykowa\u0142 on niestosowne okrucie\u0144stwo i niemoralne zachowanie\u00a0kr\u00f3la Polski Boles\u0142awa II i w rezultacie go ekskomunikowa\u0142. Kr\u00f3l zabi\u0142 biskupa podczas Mszy \u015bwi\u0119tej.<\/p>\n<p style=\"text-align: justify;\">Przez ponad 600 lat niejednokrotnie przebudowywana Katedra naby\u0142a obecnego wizerunku w\u00a0neoklasycystycznym stylu na pocz\u0105tku XIX w. (architekt Laurynas Gucevi\u010dius). W okresie komunizmu\u00a0(1949-1988) Katedra zosta\u0142a zamkni\u0119ta, przez d\u0142ugi czas dzia\u0142a\u0142a w niej Wile\u0144ska Galeria Obraz\u00f3w.\u00a0Dopiero w 1988 r. przywr\u00f3cono j\u0105 wiernym i ponownie konsekrowano, zwr\u00f3cono jej tak\u017ce relikwie\u00a0\u015bw. Kazimierza \u2013 patrona Litwy i m\u0142odzie\u017cy, czczone w ozdobnej kaplicy \u015bw. Kazimierza, kt\u00f3ra jest\u00a0jednym z najcenniejszych zabytk\u00f3w barokowych na Litwie.<\/p>\n<p style=\"text-align: justify;\">Katedra zosta\u0142a zbudowana w pierwszej\u00a0po\u0142owie XVII w., bogato zdobiona marmurem, profilami sztukatorskimi, freskami. W prawej nawie\u00a0znajduj\u0105cej si\u0119 w kaplicy Gaszto\u0142t\u00f3w czczony jest obraz \u015bw. Micha\u0142a, Matki Bo\u017cej lub Madonny\u00a0Sapie\u017cy\u0144skiej, ukoronowany koronami papieskimi w 1750 r., z uwagi na liczne \u0142aski zsy\u0142ane wiernym.\u00a0W Katedrze urz\u0105dzono 11 kaplic, z kt\u00f3rych sze\u015b\u0107 na chwil\u0119 obecn\u0105 przystosowanych jest do\u00a0modlitwy. Pielgrzymi mog\u0105 modli\u0107 si\u0119 nie tylko we wspomnianych kaplicach \u015bw. Kazimierza i\u00a0Gaszto\u0142t\u00f3w znajduj\u0105cych si\u0119 w prawej nawie, ale r\u00f3wnie\u017c w kaplicach Adoracji Naj\u015bwi\u0119tszego\u00a0Sakramentu i Zes\u0142a\u0144c\u00f3w, a w lewej nawie \u2013 w kaplicach \u015bw. W\u0142adys\u0142awa i Wo\u0142\u0142owicz\u00f3w.<\/p>\n<p style=\"text-align: justify;\">W podziemiach Katedry byli chowani dostojnicy, w\u0142adcy, biskupi i cz\u0142onkowie kapitu\u0142y, kt\u00f3rzy\u00a0zas\u0142u\u017cyli si\u0119 dla Wielkiego Ksi\u0119stwa Litewskiego. W Mauzoleum Kr\u00f3lewskim zosta\u0142 pochowany kr\u00f3l\u00a0Polski i Wielki Ksi\u0105\u017c\u0119 Litewski Aleksander Jagiello\u0144czyk, kr\u00f3lowa Barbara Radziwi\u0142\u0142\u00f3wna i El\u017cbieta\u00a0Habsbur\u017canka, serce w\u0142adcy W\u0142adys\u0142awa IV Wazy. W 1985 r. odnaleziono skarbiec Katedry. S\u0105 to\u00a0litewskie arcydzie\u0142a sztuki z\u0142otniczej, kt\u00f3re w 1939 r. jesieni\u0105, po rozpocz\u0119ciu wojny, ukryto w\u00a0po\u015bpiechu w niszy mi\u0119dzy kaplic\u0105 Gaszto\u0142t\u00f3w a obecn\u0105 kaplic\u0105 Zes\u0142a\u0144c\u00f3w. Obecnie skarbiec Katedry\u00a0eksponowany jest w <a href=\"https:\/\/cityofmercy.lt\/pl_PL\/objektai\/sv-arkangelo-mykolo-baznycia-baznytinio-paveldo-muziejus\/\">Muzeum Dziedzictwa Ko\u015bcielnego<\/a>.<\/p>\n[\/vc_column_text][\/vc_column_inner][vc_column_inner column_padding=&#8221;no-extra-padding&#8221; column_padding_position=&#8221;all&#8221; background_color_opacity=&#8221;1&#8243; background_hover_color_opacity=&#8221;1&#8243; column_shadow=&#8221;none&#8221; column_border_radius=&#8221;none&#8221; width=&#8221;1\/2&#8243; column_border_width=&#8221;none&#8221; column_border_style=&#8221;solid&#8221;]<div class=\"iwithtext\"><div class=\"iwt-icon\"> <i class=\"icon-default-style icon-map-marker accent-color\"><\/i> <\/div><div class=\"iwt-text\"> <a href=\"https:\/\/www.google.com\/maps\/place\/Vilniaus+katedra\/@54.6858517,25.2855455,17z\/data=!3m1!4b1!4m5!3m4!1s0x46dd941734223bd9:0xb3b1c213c35f7e61!8m2!3d54.6858486!4d25.2877342\" target=\"_blank\" rel=\"noopener\">ul. Katedros a. 2, Wilno<\/a> <\/div><div class=\"clear\"><\/div><\/div><div class=\"iwithtext\"><div class=\"iwt-icon\"> <i class=\"icon-default-style icon-time accent-color\"><\/i> <\/div><div class=\"iwt-text\"> <strong>Katedra czynna<\/strong><br \/>\nI\u2013VII: 7.00-19.00<br \/>\nWycieczki nie s\u0105 oprowadzane podczas nabo\u017ce\u0144stw. <\/div><div class=\"clear\"><\/div><\/div><div class=\"iwithtext\"><div class=\"iwt-icon\"> <img decoding=\"async\" src=\"https:\/\/cityofmercy.lt\/wp-content\/uploads\/2017\/12\/taurinis.png\" alt=\"\" \/> <\/div><div class=\"iwt-text\"> <strong>Msza \u015bwi\u0119ta (j. litewski)<\/strong><br \/>\nI\u2013VI: 8.00, 17.30<br \/>\nVII: 8.00, 9.00, 10.00, 11.15, 12.30, 17.30 <\/div><div class=\"clear\"><\/div><\/div><div class=\"iwithtext\"><div class=\"iwt-icon\">  <\/div><div class=\"iwt-text\"> <strong>Msza \u015bwi\u0119ta (j. \u0142aci\u0144ski)<\/strong><br \/>\nVII: 18.30 <\/div><div class=\"clear\"><\/div><\/div><div class=\"iwithtext\"><div class=\"iwt-icon\"> <i class=\"icon-default-style icon-info accent-color\"><\/i> <\/div><div class=\"iwt-text\"> <strong>Informacja o zwiedzaniu podziemi Katedry:<\/strong><br \/>\n<a href=\"https:\/\/cityofmercy.lt\/pl_PL\/objektai\/sv-arkangelo-mykolo-baznycia-baznytinio-paveldo-muziejus\/\" target=\"_blank\" rel=\"noopener\">Muzeum Dziedzictwa Ko\u015bcielnego<\/a><br \/>\n+370\u00a0600 12080<br \/>\nkatedrospozemiai@bpmuziejus.lt<br \/>\n<a href=\"http:\/\/www.bpmuziejus.lt\" target=\"_blank\" rel=\"noopener\">www.bpmuziejus.lt <\/a> <\/div><div class=\"clear\"><\/div><\/div><div class=\"iwithtext\"><div class=\"iwt-icon\"> <i class=\"icon-default-style icon-calendar accent-color\"><\/i> <\/div><div class=\"iwt-text\"> <b>Odpust<\/b><br \/>\n<a href=\"https:\/\/cityofmercy.lt\/pl_PL\/renginiai\/sv-kazimiero-svente\/\" target=\"_blank\" rel=\"noopener\">\u015awi\u0119to \u015bw. Kazimierza<\/a>\u00a0\u2013 dnia 4 marca <\/div><div class=\"clear\"><\/div><\/div><div class=\"iwithtext\"><div class=\"iwt-icon\"> <i class=\"icon-default-style icon-globe accent-color\"><\/i> <\/div><div class=\"iwt-text\"> <a href=\"http:\/\/www.katedra.lt\" target=\"_blank\" rel=\"noopener\">www.katedra.lt<\/a> <\/div><div class=\"clear\"><\/div><\/div>[\/vc_column_inner][\/vc_row_inner][\/vc_column][\/vc_row][vc_row type=&#8221;in_container&#8221; full_screen_row_position=&#8221;middle&#8221; scene_position=&#8221;center&#8221; text_color=&#8221;dark&#8221; text_align=&#8221;left&#8221; overlay_strength=&#8221;0.3&#8243; shape_divider_position=&#8221;bottom&#8221;][vc_column column_padding=&#8221;no-extra-padding&#8221; column_padding_position=&#8221;all&#8221; background_color_opacity=&#8221;1&#8243; background_hover_color_opacity=&#8221;1&#8243; column_shadow=&#8221;none&#8221; column_border_radius=&#8221;none&#8221; width=&#8221;1\/1&#8243; tablet_text_alignment=&#8221;default&#8221; phone_text_alignment=&#8221;default&#8221; column_border_width=&#8221;none&#8221; column_border_style=&#8221;solid&#8221;]<div class=\"divider-wrap\"><div style=\"height: 200px;\" class=\"divider\"><\/div><\/div>[\/vc_column][\/vc_row]\n","protected":false},"excerpt":{"rendered":"<p>[vc_row type=&#8221;in_container&#8221; full_screen_row_position=&#8221;middle&#8221; scene_position=&#8221;center&#8221; text_color=&#8221;dark&#8221; text_align=&#8221;left&#8221; overlay_strength=&#8221;0.3&#8243; shape_divider_position=&#8221;bottom&#8221;][vc_column centered_text=&#8221;true&#8221; column_padding=&#8221;no-extra-padding&#8221; column_&#8230;<\/p>\n","protected":false},"author":2,"featured_media":562,"parent":38,"menu_order":0,"comment_status":"closed","ping_status":"closed","template":"","meta":{"footnotes":""},"class_list":["post-160","page","type-page","status-publish","has-post-thumbnail","hentry"],"_links":{"self":[{"href":"https:\/\/cityofmercy.lt\/pl_PL\/wp-json\/wp\/v2\/pages\/160","targetHints":{"allow":["GET"]}}],"collection":[{"href":"https:\/\/cityofmercy.lt\/pl_PL\/wp-json\/wp\/v2\/pages"}],"about":[{"href":"https:\/\/cityofmercy.lt\/pl_PL\/wp-json\/wp\/v2\/types\/page"}],"author":[{"embeddable":true,"href":"https:\/\/cityofmercy.lt\/pl_PL\/wp-json\/wp\/v2\/users\/2"}],"replies":[{"embeddable":true,"href":"https:\/\/cityofmercy.lt\/pl_PL\/wp-json\/wp\/v2\/comments?post=160"}],"version-history":[{"count":73,"href":"https:\/\/cityofmercy.lt\/pl_PL\/wp-json\/wp\/v2\/pages\/160\/revisions"}],"predecessor-version":[{"id":6773,"href":"https:\/\/cityofmercy.lt\/pl_PL\/wp-json\/wp\/v2\/pages\/160\/revisions\/6773"}],"up":[{"embeddable":true,"href":"https:\/\/cityofmercy.lt\/pl_PL\/wp-json\/wp\/v2\/pages\/38"}],"wp:featuredmedia":[{"embeddable":true,"href":"https:\/\/cityofmercy.lt\/pl_PL\/wp-json\/wp\/v2\/media\/562"}],"wp:attachment":[{"href":"https:\/\/cityofmercy.lt\/pl_PL\/wp-json\/wp\/v2\/media?parent=160"}],"curies":[{"name":"wp","href":"https:\/\/api.w.org\/{rel}","templated":true}]}}