{"id":147,"date":"2017-11-30T16:16:21","date_gmt":"2017-11-30T16:16:21","guid":{"rendered":"http:\/\/cityofmercy.lt\/?page_id=147"},"modified":"2021-05-27T16:48:32","modified_gmt":"2021-05-27T13:48:32","slug":"sv-onos-baznycia","status":"publish","type":"page","link":"https:\/\/cityofmercy.lt\/pl_PL\/objektai\/sv-onos-baznycia\/","title":{"rendered":"Ko\u015bci\u00f3\u0142 \u015bw. Anny"},"content":{"rendered":"[vc_row type=&#8221;in_container&#8221; full_screen_row_position=&#8221;middle&#8221; scene_position=&#8221;center&#8221; text_color=&#8221;dark&#8221; text_align=&#8221;left&#8221; overlay_strength=&#8221;0.3&#8243; shape_divider_position=&#8221;bottom&#8221;][vc_column centered_text=&#8221;true&#8221; column_padding=&#8221;no-extra-padding&#8221; column_padding_position=&#8221;all&#8221; background_color_opacity=&#8221;1&#8243; background_hover_color_opacity=&#8221;1&#8243; column_shadow=&#8221;none&#8221; column_border_radius=&#8221;none&#8221; width=&#8221;1\/1&#8243; tablet_text_alignment=&#8221;default&#8221; phone_text_alignment=&#8221;default&#8221; column_border_width=&#8221;none&#8221; column_border_style=&#8221;solid&#8221;][vc_column_text]\n<h4><strong>Ko\u015bci\u00f3\u0142 \u015bw. Anny<\/strong><\/h4>\n[\/vc_column_text]<div class=\"divider-wrap\"><div style=\"margin-top: 25px; height: 1px; margin-bottom: 25px;\" data-width=\"100%\" data-animate=\"\" data-animation-delay=\"\" data-color=\"default\" class=\"divider-border\"><\/div><\/div>[\/vc_column][\/vc_row][vc_row type=&#8221;in_container&#8221; full_screen_row_position=&#8221;middle&#8221; scene_position=&#8221;center&#8221; text_color=&#8221;dark&#8221; text_align=&#8221;left&#8221; overlay_strength=&#8221;0.3&#8243; shape_divider_position=&#8221;bottom&#8221;][vc_column column_padding=&#8221;no-extra-padding&#8221; column_padding_position=&#8221;all&#8221; background_color_opacity=&#8221;1&#8243; background_hover_color_opacity=&#8221;1&#8243; column_shadow=&#8221;none&#8221; column_border_radius=&#8221;none&#8221; top_margin=&#8221;-30&#8243; width=&#8221;1\/1&#8243; tablet_text_alignment=&#8221;default&#8221; phone_text_alignment=&#8221;default&#8221; column_border_width=&#8221;none&#8221; column_border_style=&#8221;solid&#8221;][vc_row_inner column_margin=&#8221;default&#8221; text_align=&#8221;left&#8221;][vc_column_inner column_padding=&#8221;no-extra-padding&#8221; column_padding_position=&#8221;all&#8221; background_color_opacity=&#8221;1&#8243; background_hover_color_opacity=&#8221;1&#8243; column_shadow=&#8221;none&#8221; column_border_radius=&#8221;none&#8221; width=&#8221;1\/2&#8243; column_border_width=&#8221;none&#8221; column_border_style=&#8221;solid&#8221;][nectar_image_with_hotspots image=&#8221;496&#8243; preview=&#8221;http:\/\/cityofmercy.lt\/wp-content\/uploads\/2017\/12\/ONOS-1.jpg&#8221; color_1=&#8221;Accent-Color&#8221; hotspot_icon=&#8221;plus_sign&#8221; tooltip=&#8221;hover&#8221; tooltip_shadow=&#8221;medium_depth&#8221; animation=&#8221;true&#8221;][nectar_hotspot left=&#8221;43.37875718090769%&#8221; top=&#8221;57.88260405918337%&#8221; position=&#8221;right&#8221;]W o\u0142tarzu g\u0142\u00f3wnym widnieje obraz Naj\u015bwi\u0119tszej Maryi Panny z Dzieci\u0105tkiem oraz \u015bw. Anny, od kt\u00f3rego bierze si\u0119 nazwa \u015bwi\u0105tyni (powszechnie m\u00f3wi si\u0119 o \u015bw. Annie, \u017ce \u201e sama jest trzecia\u201d \u2013 zaczerpni\u0119to z j\u0119zyka niemieckiego). Przedstawia on trzy pokolenia: \u015bw. Ann\u0119 patronk\u0119 Ko\u015bcio\u0142a, jej c\u00f3rk\u0119 Naj\u015bwi\u0119tsz\u0105 Maryj\u0119 Pann\u0119 i Dzieci\u0105tko Jezus \u2013 Syna Maryi Panny i Wnuka \u015bw. Anny.[\/nectar_hotspot][\/nectar_image_with_hotspots]<div class=\"divider-wrap\"><div style=\"height: 20px;\" class=\"divider\"><\/div><\/div>[vc_column_text]<strong>Ko\u015bci\u00f3\u0142 zalicza si\u0119 do<\/strong> <a href=\"https:\/\/cityofmercy.lt\/pl_PL\/marsrutai\/marijos-gerbimo-vietos\/\">Szlaku Maryjnego<\/a>.[\/vc_column_text]<div class=\"divider-wrap\"><div style=\"height: 20px;\" class=\"divider\"><\/div><\/div>[vc_column_text]\n<div class=\"wpb_text_column wpb_content_element \" style=\"text-align: justify;\">\n<div class=\"wpb_wrapper\">\n<p>Ko\u015bci\u00f3\u0142 \u015bw. Anny cz\u0119sto nazywany jest arcydzie\u0142em gotyku, per\u0142\u0105 p\u0142omienistego gotyku. Zosta\u0142\u00a0zbudowany w latach 1495-1500 jako kaplica Bractwa \u015bw. Anny przy drewnianym w\u00f3wczas Ko\u015bciele\u00a0Bernardyn\u00f3w. Najwa\u017cniejszym dokumentem, kt\u00f3ry o tym \u015bwiadczy jest \u2013 przywilej odpust\u00f3w\u00a0udzielony Ko\u015bcio\u0142owi \u015bw. Anny w Wilnie przez papie\u017ca Aleksandra VI w 1501 r., kt\u00f3ry zach\u0119ca\u0142\u00a0wiernych do cz\u0119stego ucz\u0119szczania i dogl\u0105dania \u015bwi\u0105tyni. Przy Ko\u015bciele dzia\u0142a\u0142o r\u00f3wnie\u017c Bractwo\u00a0\u015bw. Marcina jednocz\u0105ce katolik\u00f3w niemieckich i z innych kraj\u00f3w.<\/p>\n<p>W 1747 r., wed\u0142ug projektu s\u0142ynnego architekta Jana Krzysztofa Glaubitza, wstawiono trzy murowane\u00a0o\u0142tarze barokowe, kt\u00f3re zachowa\u0142y si\u0119 a\u017c do dzi\u015b w niezmienionej postaci. Wykonano jeszcze dwa\u00a0du\u017ce remonty w latach 1902-1909 i w 1969-1971. Legenda g\u0142osi, \u017ce Napoleon Bonaparte zachwycony\u00a0urokiem tego pi\u0119knego Ko\u015bcio\u0142a, chcia\u0142 na d\u0142oni przenie\u015b\u0107 go do Pary\u017ca, aczkolwiek jego wojsko\u00a0urz\u0105dzi\u0142o w Ko\u015bciele sk\u0142ad amunicji, p\u00f3\u017aniej przetrzymywali wi\u0119\u017ani\u00f3w, dlatego wn\u0119trze by\u0142o mocno\u00a0zdewastowane.<\/p>\n<p>W o\u0142tarzu g\u0142\u00f3wnym widnieje obraz Naj\u015bwi\u0119tszej Maryi Panny z Dzieci\u0105tkiem oraz \u015bw. Anny, od\u00a0kt\u00f3rego bierze si\u0119 nazwa \u015bwi\u0105tyni (powszechnie m\u00f3wi si\u0119 o \u015bw. Annie, \u017ce \u201esama jest trzecia\u201d \u2013\u00a0zaczerpni\u0119to z j\u0119zyka niemieckiego). Przedstawia on trzy pokolenia: \u015bw. Ann\u0119 patronk\u0119 Ko\u015bcio\u0142a, jej\u00a0c\u00f3rk\u0119 Naj\u015bwi\u0119tsz\u0105 Maryj\u0119 Pann\u0119 i Dzieci\u0105tko Jezus \u2013 Syna Maryi Panny i Wnuka \u015bw. Anny. O\u00a0szczeg\u00f3lnej czci tego obrazu \u015bwiadcz\u0105 ozdobne oprawy, natomiast o rozpowszechnieniu kultu\u00a0\u015bw. Anny dowodzi fakt, \u017ce wiele kobiet starszego pokolenia nosi\u0142o imi\u0119 Anna.<\/p>\n<\/div>\n<\/div>\n[\/vc_column_text][\/vc_column_inner][vc_column_inner column_padding=&#8221;no-extra-padding&#8221; column_padding_position=&#8221;all&#8221; background_color_opacity=&#8221;1&#8243; background_hover_color_opacity=&#8221;1&#8243; column_shadow=&#8221;none&#8221; column_border_radius=&#8221;none&#8221; width=&#8221;1\/2&#8243; column_border_width=&#8221;none&#8221; column_border_style=&#8221;solid&#8221;]<div class=\"iwithtext\"><div class=\"iwt-icon\"> <i class=\"icon-default-style icon-map-marker accent-color\"><\/i> <\/div><div class=\"iwt-text\"> <a href=\"https:\/\/www.google.com\/maps\/place\/Maironio+g.+8,+Vilnius+01124\/@54.6831481,25.2910033,17z\/data=!3m1!4b1!4m5!3m4!1s0x46dd94162c62461b:0xf6a36af3a0097c0a!8m2!3d54.683145!4d25.293192\" target=\"_blank\" rel=\"noopener\">ul. Maironio 8-1, Wilno<\/a> <\/div><div class=\"clear\"><\/div><\/div><div class=\"iwithtext\"><div class=\"iwt-icon\"> <i class=\"icon-default-style icon-time accent-color\"><\/i> <\/div><div class=\"iwt-text\"> <strong>Ko\u015bci\u00f3\u0142 czynny<\/strong><br \/>\nI\u2013VII: 11.00\u201318.00 <\/div><div class=\"clear\"><\/div><\/div><div class=\"iwithtext\"><div class=\"iwt-icon\"> <img decoding=\"async\" src=\"https:\/\/cityofmercy.lt\/wp-content\/uploads\/2017\/12\/taurinis.png\" alt=\"\" \/> <\/div><div class=\"iwt-text\"> <strong>Msza \u015bwi\u0119ta (j. litewski)<\/strong><br \/>\nI\u2013VI: 18.00<br \/>\nVII:\u00a0 9.00 (Missa lecta), 11.00 (Missa cantata) <\/div><div class=\"clear\"><\/div><\/div><div class=\"iwithtext\"><div class=\"iwt-icon\"> <i class=\"icon-default-style icon-globe accent-color\"><\/i> <\/div><div class=\"iwt-text\"> <a href=\"https:\/\/vilniausonosbaznycia.net\/\" target=\"_blank\" rel=\"noopener\">vilniausonosbaznycia.net<\/a> <\/div><div class=\"clear\"><\/div><\/div>[\/vc_column_inner][\/vc_row_inner][\/vc_column][\/vc_row][vc_row type=&#8221;in_container&#8221; full_screen_row_position=&#8221;middle&#8221; scene_position=&#8221;center&#8221; text_color=&#8221;dark&#8221; text_align=&#8221;left&#8221; overlay_strength=&#8221;0.3&#8243; shape_divider_position=&#8221;bottom&#8221;][vc_column column_padding=&#8221;no-extra-padding&#8221; column_padding_position=&#8221;all&#8221; background_color_opacity=&#8221;1&#8243; background_hover_color_opacity=&#8221;1&#8243; column_shadow=&#8221;none&#8221; column_border_radius=&#8221;none&#8221; width=&#8221;1\/1&#8243; tablet_text_alignment=&#8221;default&#8221; phone_text_alignment=&#8221;default&#8221; column_border_width=&#8221;none&#8221; column_border_style=&#8221;solid&#8221;]<div class=\"divider-wrap\"><div style=\"height: 200px;\" class=\"divider\"><\/div><\/div>[\/vc_column][\/vc_row]\n","protected":false},"excerpt":{"rendered":"<p>[vc_row type=&#8221;in_container&#8221; full_screen_row_position=&#8221;middle&#8221; scene_position=&#8221;center&#8221; text_color=&#8221;dark&#8221; text_align=&#8221;left&#8221; overlay_strength=&#8221;0.3&#8243; shape_divider_position=&#8221;bottom&#8221;][vc_column centered_text=&#8221;true&#8221; column_padding=&#8221;no-extra-padding&#8221; column_&#8230;<\/p>\n","protected":false},"author":2,"featured_media":290,"parent":38,"menu_order":0,"comment_status":"closed","ping_status":"closed","template":"","meta":{"footnotes":""},"class_list":["post-147","page","type-page","status-publish","has-post-thumbnail","hentry"],"_links":{"self":[{"href":"https:\/\/cityofmercy.lt\/pl_PL\/wp-json\/wp\/v2\/pages\/147","targetHints":{"allow":["GET"]}}],"collection":[{"href":"https:\/\/cityofmercy.lt\/pl_PL\/wp-json\/wp\/v2\/pages"}],"about":[{"href":"https:\/\/cityofmercy.lt\/pl_PL\/wp-json\/wp\/v2\/types\/page"}],"author":[{"embeddable":true,"href":"https:\/\/cityofmercy.lt\/pl_PL\/wp-json\/wp\/v2\/users\/2"}],"replies":[{"embeddable":true,"href":"https:\/\/cityofmercy.lt\/pl_PL\/wp-json\/wp\/v2\/comments?post=147"}],"version-history":[{"count":55,"href":"https:\/\/cityofmercy.lt\/pl_PL\/wp-json\/wp\/v2\/pages\/147\/revisions"}],"predecessor-version":[{"id":6740,"href":"https:\/\/cityofmercy.lt\/pl_PL\/wp-json\/wp\/v2\/pages\/147\/revisions\/6740"}],"up":[{"embeddable":true,"href":"https:\/\/cityofmercy.lt\/pl_PL\/wp-json\/wp\/v2\/pages\/38"}],"wp:featuredmedia":[{"embeddable":true,"href":"https:\/\/cityofmercy.lt\/pl_PL\/wp-json\/wp\/v2\/media\/290"}],"wp:attachment":[{"href":"https:\/\/cityofmercy.lt\/pl_PL\/wp-json\/wp\/v2\/media?parent=147"}],"curies":[{"name":"wp","href":"https:\/\/api.w.org\/{rel}","templated":true}]}}